{"id":123,"date":"2015-07-08T16:11:59","date_gmt":"2015-07-08T19:11:59","guid":{"rendered":"http:\/\/localhost\/wordpress\/?page_id=123"},"modified":"2026-02-03T14:10:03","modified_gmt":"2026-02-03T17:10:03","slug":"inicio-2","status":"publish","type":"page","link":"https:\/\/iate.oac.uncor.edu\/en\/","title":{"rendered":"Welcome to IATE"},"content":{"rendered":"<div id=\"metaslider-id-4886\" style=\"width: 100%; margin: 0 auto;\" class=\"ml-slider-3-111-2 metaslider metaslider-flex metaslider-4886 ml-slider has-dots-nav ms-theme-default\" role=\"region\" aria-label=\"Nueva presentaci\u00f3n de diapositivas\" data-height=\"300\" data-width=\"700\">\n    <div id=\"metaslider_container_4886\">\n        <div id=\"metaslider_4886\">\n            <ul aria-live='off' class='slides'>\n                <li style=\"display: block; width: 100%;\" class=\"slide-4887 ms-image\" aria-roledescription=\"slide\" data-date=\"2025-10-27 16:59:07\" data-filename=\"pag-IATE_back-300x98-1-228x98.png\" data-slide-type=\"image\"><img loading=\"lazy\" decoding=\"async\" src=\"https:\/\/iate.oac.uncor.edu\/wp-content\/uploads\/2025\/06\/pag-IATE_back-300x98-1-228x98.png\" height=\"300\" width=\"700\" alt=\"\" class=\"slider-4886 slide-4887 msDefaultImage\" title=\"pag-IATE_back-300x98-1\" \/><div class=\"caption-wrap\"><div class=\"caption\"><div> <h2 class=\"wp-block-heading\"><span style=\"color:rgb(236,240,241);\">Details of the evolution of \"backsplash\" galaxies unravelled<\/span><\/h2> <h5>\u00a0<\/h5> <h5><span style=\"color:rgb(236,240,241);\"><strong>A study led by a team from the Institute for Theoretical and Experimental Astronomy (IATE), using computer simulations, explains the transformation of galaxies that enter and leave a cluster.<\/strong><\/span><\/h5> <\/div><\/div><\/div><\/li>\n                <li style=\"display: none; width: 100%;\" class=\"slide-4888 ms-image\" aria-roledescription=\"slide\" data-date=\"2025-10-27 17:02:50\" data-filename=\"pag-IATE-700x300.png\" data-slide-type=\"image\"><img loading=\"lazy\" decoding=\"async\" src=\"https:\/\/iate.oac.uncor.edu\/wp-content\/uploads\/2025\/01\/pag-IATE-700x300.png\" height=\"300\" width=\"700\" alt=\"Desentra\u00f1ando la Estructura de los Jets en el Universo El importante avance publicado en la revista The Astrophysical Journal Letters fue logrado por un equipo internacional liderado por Adriana Rodr\u00edguez-Kamenetzky del Instituto de Astronom\u00eda Te\u00f3rica y Experimental (IATE, Argentina) e integrado por colegas de M\u00e9xico, Espa\u00f1a e\" class=\"slider-4886 slide-4888 msDefaultImage\" title=\"Desentra\u00f1ando la Estructura de los Jets en el Universo El importante avance publicado en la revista The Astrophysical Journal Letters fue logrado por un equipo internacional liderado por Adriana Rodr\u00edguez-Kamenetzky del Instituto de Astronom\u00eda Te\u00f3rica y Experimental (IATE, Argentina) e integrado por colegas de M\u00e9xico, Espa\u00f1a e\" \/><div class=\"caption-wrap\"><div class=\"caption\"><h2><span style=\"color:rgb(236,240,241);\">Unravelling the Structure of Jets in the Universe<\/span><\/h2> <h5><span style=\"color:rgb(236,240,241);\">El importante avance publicado en la revista The Astrophysical Journal Letters fue logrado por un equipo internacional liderado por Adriana Rodr\u00edguez-Kamenetzky del Instituto de Astronom\u00eda Te\u00f3rica y Experimental (IATE, Argentina) e integrado por colegas de M\u00e9xico, Espa\u00f1a e India.<\/span><\/h5><\/div><\/div><\/li>\n                <li style=\"display: none; width: 100%;\" class=\"slide-4889 ms-image\" aria-roledescription=\"slide\" data-date=\"2025-10-27 17:04:57\" data-filename=\"rubin_gal-700x300.png\" data-slide-type=\"image\"><img loading=\"lazy\" decoding=\"async\" src=\"https:\/\/iate.oac.uncor.edu\/wp-content\/uploads\/2025\/06\/rubin_gal-700x300.png\" height=\"300\" width=\"700\" alt=\"\" class=\"slider-4886 slide-4889 msDefaultImage\" title=\"rubin_gal\" \/><div class=\"caption-wrap\"><div class=\"caption\"><h2><strong><span style=\"color:rgb(236,240,241);\">IATE brings Argentina into the new era of astronomy with Rubin telescope<\/span><\/strong><\/h2><\/div><\/div><\/li>\n            <\/ul>\n        <\/div>\n        \n    <\/div>\n<\/div>\n\r\n\r\n\r\n<p class=\"wp-block-paragraph\">&nbsp;<\/p>\r\n\r\n\r\n<h2 class=\"wp-block-post-title\">Welcome to IATE<\/h2>\r\n<p style=\"text-align: justify;\"><span style=\"font-size: 12pt;\">The Instituto <a href=\"https:\/\/iate.oac.uncor.edu\/wp-content\/uploads\/2015\/07\/vitraux_h90-1.png\"><img loading=\"lazy\" decoding=\"async\" class=\"wp-image-80 size-full alignleft\" src=\"https:\/\/iate.oac.uncor.edu\/wp-content\/uploads\/2015\/07\/vitraux_h90-1.png\" width=\"123\" height=\"85\" \/><\/a>de Astronom\u00eda T\u00e9orica y Experimental (The Institute of Theoretical and Experimental Astronomy, IATE), is a scientific research institute jointly run by the <a href=\"https:\/\/www.conicet.gov.ar\/\">Consejo Nacional de Investigaciones Cient\u00edficas y T\u00e9cnicas<\/a> (CONICET) and the<a href=\"https:\/\/unc.edu.ar\/\"> Universidad Nacional de C\u00f3rdoba<\/a> (UNC). Its headquarters are located at the <a href=\"https:\/\/oac.unc.edu.ar\/\">Observatorio Astron\u00f3mico de C\u00f3rdoba.<\/a>. The institute\u2019s staff conduct astrophysical research from both observational and theoretical perspectives, studying objects on scales ranging from those within our Solar System to the largest structures in the Universe.<\/span><\/p>\r\n<p style=\"text-align: justify;\"><span style=\"font-size: 12pt;\">IATE\u2019s members include researchers, doctoral students, postdoctoral fellows, and support staff. They are actively involved in developing human resources at both the undergraduate and postgraduate levels.<\/span><\/p>\r\n<p style=\"text-align: justify;\"><span style=\"font-size: 12pt;\">The institute is also recognised for its work in site characterisation for the installation of major astronomical facilities in Argentina, as well as for a range of outreach activities aimed at engaging society with astronomical research.<\/span><\/p>\r\n<hr \/>\r\n<p style=\"text-align: justify;\"><h2 class=\"display-posts-title\">Press Releases<\/h2>\n<div class=\"display-posts-listing\"><div class=\"listing-item\"><a class=\"image\" href=\"https:\/\/iate.oac.uncor.edu\/en\/2026\/08\/11\/un-estudiante-del-iate-es-reconocido-en-la-41a-edicion-del-premio-albert-einstein-con-sede-en-la-unc\/\"><img loading=\"lazy\" decoding=\"async\" width=\"100\" height=\"100\" src=\"https:\/\/iate.oac.uncor.edu\/wp-content\/uploads\/2026\/08\/WhatsApp-Image-2026-08-10-at-14.55.36-100x100.jpeg\" class=\"attachment-thumbnail size-thumbnail wp-post-image\" alt=\"\" srcset=\"https:\/\/iate.oac.uncor.edu\/wp-content\/uploads\/2026\/08\/WhatsApp-Image-2026-08-10-at-14.55.36-100x100.jpeg 100w, https:\/\/iate.oac.uncor.edu\/wp-content\/uploads\/2026\/08\/WhatsApp-Image-2026-08-10-at-14.55.36-300x300.jpeg 300w, https:\/\/iate.oac.uncor.edu\/wp-content\/uploads\/2026\/08\/WhatsApp-Image-2026-08-10-at-14.55.36-1024x1024.jpeg 1024w, https:\/\/iate.oac.uncor.edu\/wp-content\/uploads\/2026\/08\/WhatsApp-Image-2026-08-10-at-14.55.36-1536x1536.jpeg 1536w, https:\/\/iate.oac.uncor.edu\/wp-content\/uploads\/2026\/08\/WhatsApp-Image-2026-08-10-at-14.55.36-2048x2048.jpeg 2048w, https:\/\/iate.oac.uncor.edu\/wp-content\/uploads\/2026\/08\/WhatsApp-Image-2026-08-10-at-14.55.36-12x12.jpeg 12w\" sizes=\"auto, (max-width: 100px) 100vw, 100px\" \/><\/a> <a class=\"title\" href=\"https:\/\/iate.oac.uncor.edu\/en\/2026\/08\/11\/un-estudiante-del-iate-es-reconocido-en-la-41a-edicion-del-premio-albert-einstein-con-sede-en-la-unc\/\">Un estudiante del IATE es reconocido en la 41\u00aa edici\u00f3n del Premio Albert Einstein, con sede en la UNC<\/a> <span class=\"excerpt-dash\">-<\/span> <span class=\"excerpt\">La Universidad Nacional de C\u00f3rdoba ser\u00e1 sede, por primera vez en Sudam\u00e9rica, de la 41\u00aa ceremonia de gala del Premio Albert Einstein del Consejo Cultural Mundial, que se realizar\u00e1 los d\u00edas 2 y 3 de noviembre. En este marco, se reconocer\u00e1 especialmente a 12 personalidades de las universidades de C\u00f3rdoba&hellip;<\/span><\/div><div class=\"listing-item\"><a class=\"image\" href=\"https:\/\/iate.oac.uncor.edu\/en\/2026\/08\/10\/el-dr-martin-emilio-de-los-rios-recibio-el-premio-san-salvador-2026\/\"><img loading=\"lazy\" decoding=\"async\" width=\"100\" height=\"100\" src=\"https:\/\/iate.oac.uncor.edu\/wp-content\/uploads\/2026\/08\/martin_premio-100x100.jpeg\" class=\"attachment-thumbnail size-thumbnail wp-post-image\" alt=\"\" \/><\/a> <a class=\"title\" href=\"https:\/\/iate.oac.uncor.edu\/en\/2026\/08\/10\/el-dr-martin-emilio-de-los-rios-recibio-el-premio-san-salvador-2026\/\">El Dr. Mart\u00edn Emilio de los R\u00edos recibi\u00f3 el Premio San Salvador 2026<\/a> <span class=\"excerpt-dash\">-<\/span> <span class=\"excerpt\">Desde el Instituto de Astronom\u00eda Te\u00f3rica y Experimental felicitamos a nuestro colega, el Dr. Mart\u00edn Emilio de los R\u00edos, quien fue distinguido con el Premio San Salvador 2026 en el rubro Labor Cient\u00edfica, otorgado por la Municipalidad de San Salvador de Jujuy. Los Premios San Salvador constituyen una de las&hellip;<\/span><\/div><div class=\"listing-item\"><a class=\"image\" href=\"https:\/\/iate.oac.uncor.edu\/en\/2026\/07\/04\/una-ventana-argentina-al-universo-detectan-potentes-pulsos-de-una-estrella-magnetica\/\"><img loading=\"lazy\" decoding=\"async\" width=\"100\" height=\"100\" src=\"https:\/\/iate.oac.uncor.edu\/wp-content\/uploads\/2026\/07\/waterfaller_dm179_pulso20enero2023_2-100x100.png\" class=\"attachment-thumbnail size-thumbnail wp-post-image\" alt=\"\" \/><\/a> <a class=\"title\" href=\"https:\/\/iate.oac.uncor.edu\/en\/2026\/07\/04\/una-ventana-argentina-al-universo-detectan-potentes-pulsos-de-una-estrella-magnetica\/\">An Argentine Window to the Universe: Powerful Pulses Detected from a Magnetar Star<\/a> <span class=\"excerpt-dash\">-<\/span> <span class=\"excerpt\">Un estudio liderado por Susana Araujo, recientemente doctorada en el Instituto de Astronom\u00eda Te\u00f3rica y Experimental (IATE), logr\u00f3 detectar cientos de pulsos gigantes de un magnetar, uno de los objetos m\u00e1s ex\u00f3ticos y violentos del cosmos. El hallazgo, realizado con los radiotelescopios del Instituto Argentino de Radioastronom\u00eda (IAR), representa un&hellip;<\/span><\/div><div class=\"listing-item\"><a class=\"image\" href=\"https:\/\/iate.oac.uncor.edu\/en\/2026\/05\/18\/quinta-reunion-cientifico-tecnica-del-iate\/\"><img loading=\"lazy\" decoding=\"async\" width=\"100\" height=\"100\" src=\"https:\/\/iate.oac.uncor.edu\/wp-content\/uploads\/2026\/05\/IMG_2038_2M-100x100.jpg\" class=\"attachment-thumbnail size-thumbnail wp-post-image\" alt=\"\" \/><\/a> <a class=\"title\" href=\"https:\/\/iate.oac.uncor.edu\/en\/2026\/05\/18\/quinta-reunion-cientifico-tecnica-del-iate\/\">Quinta Reuni\u00f3n Cient\u00edfico-T\u00e9cnica del IATE<\/a> <span class=\"excerpt-dash\">-<\/span> <span class=\"excerpt\">El pasado viernes 8 de mayo se realiz\u00f3 una nueva edici\u00f3n de la Jornada de Intercambio Cient\u00edfico en el Auditorio del Instituto de Astronom\u00eda Te\u00f3rica y Experimental. La actividad reuni\u00f3 a integrantes de distintos grupos de trabajo con el objetivo de compartir proyectos, l\u00edneas de investigaci\u00f3n, desarrollos y actividades en&hellip;<\/span><\/div><div class=\"listing-item\"><a class=\"image\" href=\"https:\/\/iate.oac.uncor.edu\/en\/2026\/05\/13\/viernes-15-05-pensar-fuera-de-la-caja-para-encontrar-nuevas-preguntas\/\"><img loading=\"lazy\" decoding=\"async\" width=\"100\" height=\"100\" src=\"https:\/\/iate.oac.uncor.edu\/wp-content\/uploads\/2023\/09\/dgl-100x100.jpg\" class=\"attachment-thumbnail size-thumbnail wp-post-image\" alt=\"\" srcset=\"https:\/\/iate.oac.uncor.edu\/wp-content\/uploads\/2023\/09\/dgl-100x100.jpg 100w, https:\/\/iate.oac.uncor.edu\/wp-content\/uploads\/2023\/09\/dgl-300x300.jpg 300w, https:\/\/iate.oac.uncor.edu\/wp-content\/uploads\/2023\/09\/dgl-12x12.jpg 12w, https:\/\/iate.oac.uncor.edu\/wp-content\/uploads\/2023\/09\/dgl.jpg 367w\" sizes=\"auto, (max-width: 100px) 100vw, 100px\" \/><\/a> <a class=\"title\" href=\"https:\/\/iate.oac.uncor.edu\/en\/2026\/05\/13\/viernes-15-05-pensar-fuera-de-la-caja-para-encontrar-nuevas-preguntas\/\">Viernes 15\/05: Pensar fuera de la caja para encontrar nuevas preguntas<\/a> <span class=\"excerpt-dash\">-<\/span> <span class=\"excerpt\">Expositores: P. James Peebles (video), Diego Garc\u00eda Lambas y Sebasti\u00e1n R. Gualpa (OAC-UNC \/ IATE-CONICET) Fecha: viernes 15 de mayo, 11:30 hs. Resumen: En este seminario veremos por video la charla magistral brindada por James E. Peebles el 9 de diciembre de 2025 en el congreso &#8220;From Decoupling to Galaxies&hellip;<\/span><\/div><div class=\"listing-item\"><a class=\"image\" href=\"https:\/\/iate.oac.uncor.edu\/en\/2026\/04\/20\/uso-de-servidores-hpc-en-astronomia\/\"><img loading=\"lazy\" decoding=\"async\" width=\"100\" height=\"100\" src=\"https:\/\/iate.oac.uncor.edu\/wp-content\/uploads\/2018\/10\/25182107-100x100.jpg\" class=\"attachment-thumbnail size-thumbnail wp-post-image\" alt=\"\" \/><\/a> <a class=\"title\" href=\"https:\/\/iate.oac.uncor.edu\/en\/2026\/04\/20\/uso-de-servidores-hpc-en-astronomia\/\">Uso de Servidores HPC en Astronom\u00eda<\/a> <span class=\"excerpt-dash\">-<\/span> <span class=\"excerpt\">Expositor: Sebasti\u00e1n R. Gualpa (IATE) Fecha: mi\u00e9rcoles 22 de abril, 14:00 hs. Resumen: La astronom\u00eda moderna requiere el procesamiento y an\u00e1lisis de vol\u00famenes masivos de datos, lo que hace indispensable el uso de infraestructuras de C\u00f3mputo de Alto Rendimiento (HPC). Este seminario presentar\u00e1 las herramientas esenciales para operar en estos&hellip;<\/span><\/div><div class=\"listing-item\"><a class=\"image\" href=\"https:\/\/iate.oac.uncor.edu\/en\/2026\/02\/02\/dgl-fest-una-reunion-internacional-homenajeo-la-trayectoria-del-astronomo-diego-garcia-lambas-en-cordoba\/\"><img loading=\"lazy\" decoding=\"async\" width=\"100\" height=\"100\" src=\"https:\/\/iate.oac.uncor.edu\/wp-content\/uploads\/2026\/02\/FOTO_DGL_2025-e1770057488457-100x100.jpeg\" class=\"attachment-thumbnail size-thumbnail wp-post-image\" alt=\"\" \/><\/a> <a class=\"title\" href=\"https:\/\/iate.oac.uncor.edu\/en\/2026\/02\/02\/dgl-fest-una-reunion-internacional-homenajeo-la-trayectoria-del-astronomo-diego-garcia-lambas-en-cordoba\/\">\u201cDGL Fest\u201d: an international meeting honored the career of astronomer Diego Garc\u00eda Lambas in C\u00f3rdoba<\/a> <span class=\"excerpt-dash\">-<\/span> <span class=\"excerpt\">Entre el 9 y el 12 de diciembre de 2025, la ciudad de C\u00f3rdoba fue el escenario de la reuni\u00f3n cient\u00edfica internacional\u00a0&#8220;From Decoupling to Galaxies and the Large-scale structure (DGL Fest)&#8221;, un encuentro organizado en honor a la destacada carrera de Diego Garc\u00eda Lambas. El evento, organizado por el\u00a0Instituto de&hellip;<\/span><\/div><div class=\"listing-item\"><a class=\"image\" href=\"https:\/\/iate.oac.uncor.edu\/en\/2026\/02\/02\/iv-workshop-on-the-halo-galaxy-connection-reunio-a-la-comunidad-astronomica-internacional-en-cordoba\/\"><img loading=\"lazy\" decoding=\"async\" width=\"100\" height=\"100\" src=\"https:\/\/iate.oac.uncor.edu\/wp-content\/uploads\/2026\/02\/DSC_0069-web-1-e1770048362789-100x100.jpg\" class=\"attachment-thumbnail size-thumbnail wp-post-image\" alt=\"\" \/><\/a> <a class=\"title\" href=\"https:\/\/iate.oac.uncor.edu\/en\/2026\/02\/02\/iv-workshop-on-the-halo-galaxy-connection-reunio-a-la-comunidad-astronomica-internacional-en-cordoba\/\">The IV Workshop on the Halo-Galaxy Connection brought together the international astronomical community in C\u00f3rdoba<\/a> <span class=\"excerpt-dash\">-<\/span> <span class=\"excerpt\">Entre el 3 y el 5 de diciembre de 2025, se llev\u00f3 a cabo con \u00e9xito en la\u00a0Facultad de Matem\u00e1tica, Astronom\u00eda, F\u00edsica y Computaci\u00f3n (FaMAF) \u2013 UNC\u00a0el\u00a0IV Workshop on the Halo-Galaxy Connection, organizado por el\u00a0Instituto de Astronom\u00eda Te\u00f3rica y Experimental (IATE, CONICET-UNC)\u00a0y con el\u00a0aval del Observatorio Astron\u00f3mico de C\u00f3rdoba (OAC,&hellip;<\/span><\/div><div class=\"listing-item\"><a class=\"image\" href=\"https:\/\/iate.oac.uncor.edu\/en\/2025\/11\/25\/facundo-rodriguez-recibe-el-premio-estimulo-ancefn-2025\/\"><img loading=\"lazy\" decoding=\"async\" width=\"100\" height=\"67\" src=\"https:\/\/iate.oac.uncor.edu\/wp-content\/uploads\/2025\/11\/LJG_4355-2.jpg\" class=\"attachment-thumbnail size-thumbnail wp-post-image\" alt=\"\" srcset=\"https:\/\/iate.oac.uncor.edu\/wp-content\/uploads\/2025\/11\/LJG_4355-2.jpg 8256w, https:\/\/iate.oac.uncor.edu\/wp-content\/uploads\/2025\/11\/LJG_4355-2-300x200.jpg 300w, https:\/\/iate.oac.uncor.edu\/wp-content\/uploads\/2025\/11\/LJG_4355-2-1024x683.jpg 1024w\" sizes=\"auto, (max-width: 100px) 100vw, 100px\" \/><\/a> <a class=\"title\" href=\"https:\/\/iate.oac.uncor.edu\/en\/2025\/11\/25\/facundo-rodriguez-recibe-el-premio-estimulo-ancefn-2025\/\">FACUNDO RODR\u00cdGUEZ RECEIVES THE ANCEFN PREMIO EST\u00cdMULO 2025<\/a> <span class=\"excerpt-dash\">-<\/span> <span class=\"excerpt\">El Instituto de Astronom\u00eda Te\u00f3rica y Experimental se complace en anunciar que el Dr. Facundo Rodr\u00edguez, investigador del CONICET vinculado al IATE, fue distinguido con uno de los Premios Est\u00edmulo otorgados por la Academia Nacional de Ciencias Exactas, F\u00edsicas y Naturales (ANCEFN) en la edici\u00f3n 2025. La ceremonia se llev\u00f3&hellip;<\/span><\/div><div class=\"listing-item\"><a class=\"image\" href=\"https:\/\/iate.oac.uncor.edu\/en\/2025\/08\/03\/explorando-lo-inexplorado-el-iate-descubre-decenas-de-miles-de-galaxias-detras-de-la-via-lactea-destacando-la-labor-de-m-v-alonso\/\"><img loading=\"lazy\" decoding=\"async\" width=\"100\" height=\"100\" src=\"https:\/\/iate.oac.uncor.edu\/wp-content\/uploads\/2025\/08\/Untitled-design-1-e1754256706487-100x100.png\" class=\"attachment-thumbnail size-thumbnail wp-post-image\" alt=\"\" \/><\/a> <a class=\"title\" href=\"https:\/\/iate.oac.uncor.edu\/en\/2025\/08\/03\/explorando-lo-inexplorado-el-iate-descubre-decenas-de-miles-de-galaxias-detras-de-la-via-lactea-destacando-la-labor-de-m-v-alonso\/\">Exploring the unexplored: the IATE discovers tens of thousands galaxies behind the Milky Way, highlighting Mar\u00eda Victoria Alonso\u2019s efforts<\/a> <span class=\"excerpt-dash\">-<\/span> <span class=\"excerpt\">Un equipo internacional liderado por la investigadora Mar\u00eda Victoria Alonso del Instituto de Astronom\u00eda Te\u00f3rica y Experimental (IATE-CONICET) y el Observatorio Astron\u00f3mico de C\u00f3rdoba (OAC &#8211; UNC) ha logrado un avance significativo en el estudio de una de las regiones m\u00e1s dif\u00edciles de observar del universo: la Zona de Exclusi\u00f3n&hellip;<\/span><\/div><\/div><\/p>\r\n<p style=\"text-align: justify;\">\u00a0<\/p>","protected":false},"excerpt":{"rendered":"<p>&nbsp; El Instituto de Astronom\u00eda T\u00e9orica y Experimental (IATE) es un instituto de investigaci\u00f3n cient\u00edfica dependiente del Consejo Nacional de Investigaciones Cient\u00edficas y T\u00e9cnicas (CONICET) y de la Universidad Nacional de C\u00f3rdoba (UNC). La sede del instituto se encuentra dentro del predio del Observatorio Astron\u00f3mico de C\u00f3rdoba. Sus miembros realizan&hellip;<\/p>","protected":false},"author":1,"featured_media":0,"parent":0,"menu_order":0,"comment_status":"closed","ping_status":"closed","template":"","meta":{"footnotes":""},"class_list":["post-123","page","type-page","status-publish","hentry"],"_links":{"self":[{"href":"https:\/\/iate.oac.uncor.edu\/en\/wp-json\/wp\/v2\/pages\/123","targetHints":{"allow":["GET"]}}],"collection":[{"href":"https:\/\/iate.oac.uncor.edu\/en\/wp-json\/wp\/v2\/pages"}],"about":[{"href":"https:\/\/iate.oac.uncor.edu\/en\/wp-json\/wp\/v2\/types\/page"}],"author":[{"embeddable":true,"href":"https:\/\/iate.oac.uncor.edu\/en\/wp-json\/wp\/v2\/users\/1"}],"replies":[{"embeddable":true,"href":"https:\/\/iate.oac.uncor.edu\/en\/wp-json\/wp\/v2\/comments?post=123"}],"version-history":[{"count":1,"href":"https:\/\/iate.oac.uncor.edu\/en\/wp-json\/wp\/v2\/pages\/123\/revisions"}],"predecessor-version":[{"id":5258,"href":"https:\/\/iate.oac.uncor.edu\/en\/wp-json\/wp\/v2\/pages\/123\/revisions\/5258"}],"wp:attachment":[{"href":"https:\/\/iate.oac.uncor.edu\/en\/wp-json\/wp\/v2\/media?parent=123"}],"curies":[{"name":"wp","href":"https:\/\/api.w.org\/{rel}","templated":true}]}}