{"id":5118,"date":"2026-03-12T16:46:36","date_gmt":"2026-03-12T19:46:36","guid":{"rendered":"https:\/\/iate.oac.uncor.edu\/?page_id=5118"},"modified":"2026-03-13T12:14:17","modified_gmt":"2026-03-13T15:14:17","slug":"comunicados-de-prensa","status":"publish","type":"page","link":"https:\/\/iate.oac.uncor.edu\/en\/comunicados-de-prensa\/","title":{"rendered":"Comunicaci\u00f3n de la Ciencia"},"content":{"rendered":"<ul class=\"display-posts-listing\"><li class=\"listing-item\"><a class=\"image\" href=\"https:\/\/iate.oac.uncor.edu\/en\/2026\/04\/20\/uso-de-servidores-hpc-en-astronomia\/\"><img loading=\"lazy\" decoding=\"async\" width=\"108\" height=\"100\" src=\"https:\/\/iate.oac.uncor.edu\/wp-content\/uploads\/2018\/10\/25182107.jpg\" class=\"attachment-codethumbnailcode size-codethumbnailcode wp-post-image\" alt=\"\" \/><\/a> <a class=\"title\" href=\"https:\/\/iate.oac.uncor.edu\/en\/2026\/04\/20\/uso-de-servidores-hpc-en-astronomia\/\">Uso de Servidores HPC en Astronom\u00eda<\/a> <span class=\"excerpt-dash\">-<\/span> <span class=\"excerpt\">Expositor: Sebasti\u00e1n R. Gualpa (IATE) Fecha: mi\u00e9rcoles 22 de abril, 14:00 hs. Resumen: La astronom\u00eda moderna requiere el procesamiento y an\u00e1lisis de vol\u00famenes masivos de datos, lo que hace indispensable el uso de infraestructuras de C\u00f3mputo de Alto Rendimiento (HPC). Este seminario presentar\u00e1 las herramientas esenciales para operar en estos sistemas. Se explicar\u00e1 c\u00f3mo configurar el entorno de trabajo mediante la gesti\u00f3n de m\u00f3dulos de software y se realizar\u00e1 un recorrido por las utilidades de diagn\u00f3stico y monitoreo de recursos&hellip; <span class=\"excerpt-more\">&hellip;<\/span><\/span><\/li><li class=\"listing-item\"><a class=\"image\" href=\"https:\/\/iate.oac.uncor.edu\/en\/2026\/02\/02\/dgl-fest-una-reunion-internacional-homenajeo-la-trayectoria-del-astronomo-diego-garcia-lambas-en-cordoba\/\"><img loading=\"lazy\" decoding=\"async\" width=\"1097\" height=\"340\" src=\"https:\/\/iate.oac.uncor.edu\/wp-content\/uploads\/2026\/02\/FOTO_DGL_2025-e1770057488457.jpeg\" class=\"attachment-codethumbnailcode size-codethumbnailcode wp-post-image\" alt=\"\" srcset=\"https:\/\/iate.oac.uncor.edu\/wp-content\/uploads\/2026\/02\/FOTO_DGL_2025-e1770057488457.jpeg 1097w, https:\/\/iate.oac.uncor.edu\/wp-content\/uploads\/2026\/02\/FOTO_DGL_2025-e1770057488457-300x93.jpeg 300w, https:\/\/iate.oac.uncor.edu\/wp-content\/uploads\/2026\/02\/FOTO_DGL_2025-e1770057488457-1024x317.jpeg 1024w, https:\/\/iate.oac.uncor.edu\/wp-content\/uploads\/2026\/02\/FOTO_DGL_2025-e1770057488457-18x6.jpeg 18w\" sizes=\"auto, (max-width: 1097px) 100vw, 1097px\" \/><\/a> <a class=\"title\" href=\"https:\/\/iate.oac.uncor.edu\/en\/2026\/02\/02\/dgl-fest-una-reunion-internacional-homenajeo-la-trayectoria-del-astronomo-diego-garcia-lambas-en-cordoba\/\">\u201cDGL Fest\u201d: an international meeting honored the career of astronomer Diego Garc\u00eda Lambas in C\u00f3rdoba<\/a> <span class=\"excerpt-dash\">-<\/span> <span class=\"excerpt\">Entre el 9 y el 12 de diciembre de 2025, la ciudad de C\u00f3rdoba fue el escenario de la reuni\u00f3n cient\u00edfica internacional\u00a0\"From Decoupling to Galaxies and the Large-scale structure (DGL Fest)\", un encuentro organizado en honor a la destacada carrera de Diego Garc\u00eda Lambas. El evento, organizado por el\u00a0Instituto de Astronom\u00eda Te\u00f3rica y Experimental (IATE, CONICET-UNC), se llev\u00f3 a cabo de manera presencial en el\u00a0Auditorio CONICET-IMBIV de la Facultad de Ciencias Exactas, F\u00edsicas y Naturales de la Universidad Nacional de&hellip; <span class=\"excerpt-more\">&hellip;<\/span><\/span><\/li><li class=\"listing-item\"><a class=\"image\" href=\"https:\/\/iate.oac.uncor.edu\/en\/2026\/02\/02\/iv-workshop-on-the-halo-galaxy-connection-reunio-a-la-comunidad-astronomica-internacional-en-cordoba\/\"><img loading=\"lazy\" decoding=\"async\" width=\"1536\" height=\"810\" src=\"https:\/\/iate.oac.uncor.edu\/wp-content\/uploads\/2026\/02\/DSC_0069-web-1-e1770048362789.jpg\" class=\"attachment-codethumbnailcode size-codethumbnailcode wp-post-image\" alt=\"\" srcset=\"https:\/\/iate.oac.uncor.edu\/wp-content\/uploads\/2026\/02\/DSC_0069-web-1-e1770048362789.jpg 1536w, https:\/\/iate.oac.uncor.edu\/wp-content\/uploads\/2026\/02\/DSC_0069-web-1-e1770048362789-300x158.jpg 300w, https:\/\/iate.oac.uncor.edu\/wp-content\/uploads\/2026\/02\/DSC_0069-web-1-e1770048362789-1024x540.jpg 1024w, https:\/\/iate.oac.uncor.edu\/wp-content\/uploads\/2026\/02\/DSC_0069-web-1-e1770048362789-18x9.jpg 18w\" sizes=\"auto, (max-width: 1536px) 100vw, 1536px\" \/><\/a> <a class=\"title\" href=\"https:\/\/iate.oac.uncor.edu\/en\/2026\/02\/02\/iv-workshop-on-the-halo-galaxy-connection-reunio-a-la-comunidad-astronomica-internacional-en-cordoba\/\">The IV Workshop on the Halo-Galaxy Connection brought together the international astronomical community in C\u00f3rdoba<\/a> <span class=\"excerpt-dash\">-<\/span> <span class=\"excerpt\">Entre el 3 y el 5 de diciembre de 2025, se llev\u00f3 a cabo con \u00e9xito en la\u00a0Facultad de Matem\u00e1tica, Astronom\u00eda, F\u00edsica y Computaci\u00f3n (FaMAF) \u2013 UNC\u00a0el\u00a0IV Workshop on the Halo-Galaxy Connection, organizado por el\u00a0Instituto de Astronom\u00eda Te\u00f3rica y Experimental (IATE, CONICET-UNC)\u00a0y con el\u00a0aval del Observatorio Astron\u00f3mico de C\u00f3rdoba (OAC, UNC). El encuentro cont\u00f3 con 20 exposiciones\u00a0de\u00a011 instituciones\u00a0de 5 pa\u00edses (Argentina, Brasil, Chile, Espa\u00f1a y M\u00e9xico), junto a una audiencia activa que particip\u00f3 en discusiones y sesiones de intercambio, totalizando&hellip; <span class=\"excerpt-more\">&hellip;<\/span><\/span><\/li><li class=\"listing-item\"><a class=\"image\" href=\"https:\/\/iate.oac.uncor.edu\/en\/2025\/11\/25\/facundo-rodriguez-recibe-el-premio-estimulo-ancefn-2025\/\"><img loading=\"lazy\" decoding=\"async\" width=\"8256\" height=\"5504\" src=\"https:\/\/iate.oac.uncor.edu\/wp-content\/uploads\/2025\/11\/LJG_4355-2.jpg\" class=\"attachment-codethumbnailcode size-codethumbnailcode wp-post-image\" alt=\"\" srcset=\"https:\/\/iate.oac.uncor.edu\/wp-content\/uploads\/2025\/11\/LJG_4355-2.jpg 8256w, https:\/\/iate.oac.uncor.edu\/wp-content\/uploads\/2025\/11\/LJG_4355-2-300x200.jpg 300w, https:\/\/iate.oac.uncor.edu\/wp-content\/uploads\/2025\/11\/LJG_4355-2-1024x683.jpg 1024w\" sizes=\"auto, (max-width: 8256px) 100vw, 8256px\" \/><\/a> <a class=\"title\" href=\"https:\/\/iate.oac.uncor.edu\/en\/2025\/11\/25\/facundo-rodriguez-recibe-el-premio-estimulo-ancefn-2025\/\">FACUNDO RODR\u00cdGUEZ RECEIVES THE ANCEFN PREMIO EST\u00cdMULO 2025<\/a> <span class=\"excerpt-dash\">-<\/span> <span class=\"excerpt\">El Instituto de Astronom\u00eda Te\u00f3rica y Experimental se complace en anunciar que el Dr. Facundo Rodr\u00edguez, investigador del CONICET vinculado al IATE, fue distinguido con uno de los Premios Est\u00edmulo otorgados por la Academia Nacional de Ciencias Exactas, F\u00edsicas y Naturales (ANCEFN) en la edici\u00f3n 2025. La ceremonia se llev\u00f3 a cabo en el Palacio Pizzurno y estuvo encabezada por la presidenta de ANCEFN, la Dra. Alicia Dickenstein. El Premio Est\u00edmulo reconoce a investigadores de hasta 40 a\u00f1os que desarrollan&hellip; <span class=\"excerpt-more\">&hellip;<\/span><\/span><\/li><li class=\"listing-item\"><a class=\"image\" href=\"https:\/\/iate.oac.uncor.edu\/en\/2025\/08\/03\/explorando-lo-inexplorado-el-iate-descubre-decenas-de-miles-de-galaxias-detras-de-la-via-lactea-destacando-la-labor-de-m-v-alonso\/\"><img loading=\"lazy\" decoding=\"async\" width=\"343\" height=\"892\" src=\"https:\/\/iate.oac.uncor.edu\/wp-content\/uploads\/2025\/08\/Untitled-design-1-e1754256706487.png\" class=\"attachment-codethumbnailcode size-codethumbnailcode wp-post-image\" alt=\"\" srcset=\"https:\/\/iate.oac.uncor.edu\/wp-content\/uploads\/2025\/08\/Untitled-design-1-e1754256706487.png 343w, https:\/\/iate.oac.uncor.edu\/wp-content\/uploads\/2025\/08\/Untitled-design-1-e1754256706487-115x300.png 115w, https:\/\/iate.oac.uncor.edu\/wp-content\/uploads\/2025\/08\/Untitled-design-1-e1754256706487-5x12.png 5w\" sizes=\"auto, (max-width: 343px) 100vw, 343px\" \/><\/a> <a class=\"title\" href=\"https:\/\/iate.oac.uncor.edu\/en\/2025\/08\/03\/explorando-lo-inexplorado-el-iate-descubre-decenas-de-miles-de-galaxias-detras-de-la-via-lactea-destacando-la-labor-de-m-v-alonso\/\">Exploring the unexplored: the IATE discovers tens of thousands galaxies behind the Milky Way, highlighting Mar\u00eda Victoria Alonso\u2019s efforts<\/a> <span class=\"excerpt-dash\">-<\/span> <span class=\"excerpt\">Un equipo internacional liderado por la investigadora Mar\u00eda Victoria Alonso del Instituto de Astronom\u00eda Te\u00f3rica y Experimental (IATE-CONICET) y el Observatorio Astron\u00f3mico de C\u00f3rdoba (OAC - UNC) ha logrado un avance significativo en el estudio de una de las regiones m\u00e1s dif\u00edciles de observar del universo: la Zona de Exclusi\u00f3n (ZoA). Mediante el uso de datos del relevamiento VVVX (VISTA Variables in the V\u00eda L\u00e1ctea eXtended) y t\u00e9cnicas de inteligencia artificial, el equipo ha identificado 167.559 galaxias previamente ocultas por&hellip; <span class=\"excerpt-more\">&hellip;<\/span><\/span><\/li><li class=\"listing-item\"><a class=\"image\" href=\"https:\/\/iate.oac.uncor.edu\/en\/2025\/07\/15\/el-dr-nelson-padilla-recibe-el-prestigioso-premio-jose-luis-sersic-al-investigador-consolidado-2025\/\"><img loading=\"lazy\" decoding=\"async\" width=\"292\" height=\"300\" src=\"https:\/\/iate.oac.uncor.edu\/wp-content\/uploads\/2025\/07\/logo_large-e1752579947460.png\" class=\"attachment-codethumbnailcode size-codethumbnailcode wp-post-image\" alt=\"\" \/><\/a> <a class=\"title\" href=\"https:\/\/iate.oac.uncor.edu\/en\/2025\/07\/15\/el-dr-nelson-padilla-recibe-el-prestigioso-premio-jose-luis-sersic-al-investigador-consolidado-2025\/\">Dr. Nelson Padilla Receives Prestigious Jos\u00e9 Luis S\u00e9rsic Award for Senior Researcher 2025<\/a> <span class=\"excerpt-dash\">-<\/span> <span class=\"excerpt\">El Dr. Nelson Padilla, actual director del Instituto de Astronom\u00eda Te\u00f3rica y Experimental (IATE), ha sido galardonado con el Premio Jos\u00e9 Luis S\u00e9rsic al Investigador Consolidado 2025 por la Asociaci\u00f3n Argentina de Astronom\u00eda. &nbsp; Este reconocimiento no solo celebra su carrera, sino que tambi\u00e9n es un motivo de orgullo especial para el IATE, dado que el premio lleva el nombre de su fundador, el c\u00e9lebre Jos\u00e9 Luis S\u00e9rsic. El Premio S\u00e9rsic de la Asociaci\u00f3n Argentina de Astronom\u00eda se otorga cada&hellip; <span class=\"excerpt-more\">&hellip;<\/span><\/span><\/li><li class=\"listing-item\"><a class=\"image\" href=\"https:\/\/iate.oac.uncor.edu\/en\/2025\/07\/13\/nelson-padilla-director-del-iate-se-incorpora-a-la-academia-nacional-de-ciencias-exactas-fisicas-y-naturales-como-academico-correspondiente-nacional\/\"><img loading=\"lazy\" decoding=\"async\" width=\"476\" height=\"144\" src=\"https:\/\/iate.oac.uncor.edu\/wp-content\/uploads\/2025\/07\/logo-dark.png\" class=\"attachment-codethumbnailcode size-codethumbnailcode wp-post-image\" alt=\"\" srcset=\"https:\/\/iate.oac.uncor.edu\/wp-content\/uploads\/2025\/07\/logo-dark.png 476w, https:\/\/iate.oac.uncor.edu\/wp-content\/uploads\/2025\/07\/logo-dark-300x91.png 300w, https:\/\/iate.oac.uncor.edu\/wp-content\/uploads\/2025\/07\/logo-dark-18x5.png 18w\" sizes=\"auto, (max-width: 476px) 100vw, 476px\" \/><\/a> <a class=\"title\" href=\"https:\/\/iate.oac.uncor.edu\/en\/2025\/07\/13\/nelson-padilla-director-del-iate-se-incorpora-a-la-academia-nacional-de-ciencias-exactas-fisicas-y-naturales-como-academico-correspondiente-nacional\/\">Nelson Padilla, IATE Director, Joins Academia Nacional de Ciencias Exactas, F\u00edsicas y Naturales as National Corresponding Member<\/a> <span class=\"excerpt-dash\">-<\/span> <span class=\"excerpt\">&nbsp; &nbsp; El Dr. Nelson Padilla, actual director del Instituto de Astronom\u00eda Te\u00f3rica y Experimental (IATE), se suma a la prestigiosa Academia Nacional de Ciencias Exactas, F\u00edsicas y Naturales como acad\u00e9mico correspondiente nacional. Esta incorporaci\u00f3n destaca su trayectoria y sus contribuciones en los estudios del universo. La noticia representa un reconocimiento a la labor cient\u00edfica del Dr. Padilla y, por extensi\u00f3n, al trabajo de investigaci\u00f3n que se desarrolla en el IATE y en la Universidad Nacional de C\u00f3rdoba. Con un&hellip; <span class=\"excerpt-more\">&hellip;<\/span><\/span><\/li><li class=\"listing-item\"><a class=\"image\" href=\"https:\/\/iate.oac.uncor.edu\/en\/2025\/06\/25\/el-iate-lleva-a-argentina-a-la-nueva-era-de-la-astronomia-con-el-telescopio-rubin\/\"><img loading=\"lazy\" decoding=\"async\" width=\"268\" height=\"188\" src=\"https:\/\/iate.oac.uncor.edu\/wp-content\/uploads\/2025\/06\/rubin_logo.png\" class=\"attachment-codethumbnailcode size-codethumbnailcode wp-post-image\" alt=\"\" srcset=\"https:\/\/iate.oac.uncor.edu\/wp-content\/uploads\/2025\/06\/rubin_logo.png 268w, https:\/\/iate.oac.uncor.edu\/wp-content\/uploads\/2025\/06\/rubin_logo-18x12.png 18w\" sizes=\"auto, (max-width: 268px) 100vw, 268px\" \/><\/a> <a class=\"title\" href=\"https:\/\/iate.oac.uncor.edu\/en\/2025\/06\/25\/el-iate-lleva-a-argentina-a-la-nueva-era-de-la-astronomia-con-el-telescopio-rubin\/\">IATE brings Argentina into the new era of astronomy with Rubin telescope<\/a> <span class=\"excerpt-dash\">-<\/span> <span class=\"excerpt\">A m\u00e1s de 2.600 metros de altura, en los cerros del norte de Chile, un nuevo ojo gigante acaba de abrirse al universo. Es el telescopio Vera C. Rubin, el m\u00e1s avanzado de su tipo. Recientemente capt\u00f3 sus primeras im\u00e1genes de prueba: una se\u00f1al clara de que una nueva era para la astronom\u00eda ha comenzado. Desde C\u00f3rdoba, el Instituto de Astronom\u00eda Te\u00f3rica y Experimental (IATE) acompa\u00f1a este momento hist\u00f3rico como miembro de este observatorio, asegurando que Argentina est\u00e9 presente y&hellip; <span class=\"excerpt-more\">&hellip;<\/span><\/span><\/li><li class=\"listing-item\"><a class=\"image\" href=\"https:\/\/iate.oac.uncor.edu\/en\/2025\/01\/28\/desentranando-la-estructura-de-los-jets-en-el-universo\/\"><img loading=\"lazy\" decoding=\"async\" width=\"704\" height=\"704\" src=\"https:\/\/iate.oac.uncor.edu\/wp-content\/uploads\/2025\/01\/TextToImage_40_20250122.jpeg\" class=\"attachment-codethumbnailcode size-codethumbnailcode wp-post-image\" alt=\"\" srcset=\"https:\/\/iate.oac.uncor.edu\/wp-content\/uploads\/2025\/01\/TextToImage_40_20250122.jpeg 704w, https:\/\/iate.oac.uncor.edu\/wp-content\/uploads\/2025\/01\/TextToImage_40_20250122-300x300.jpeg 300w, https:\/\/iate.oac.uncor.edu\/wp-content\/uploads\/2025\/01\/TextToImage_40_20250122-100x100.jpeg 100w, https:\/\/iate.oac.uncor.edu\/wp-content\/uploads\/2025\/01\/TextToImage_40_20250122-12x12.jpeg 12w\" sizes=\"auto, (max-width: 704px) 100vw, 704px\" \/><\/a> <a class=\"title\" href=\"https:\/\/iate.oac.uncor.edu\/en\/2025\/01\/28\/desentranando-la-estructura-de-los-jets-en-el-universo\/\">Unravelling the Structure of Jets in the Universe<\/a> <span class=\"excerpt-dash\">-<\/span> <span class=\"excerpt\">El importante avance publicado en la revista The Astrophysical Journal Letters fue logrado por un equipo internacional liderado por Adriana Rodr\u00edguez-Kamenetzky del IATE e integrado por colegas de M\u00e9xico, Espa\u00f1a e India. &nbsp; Por Facundo Rodriguez facundo.rodriguez@unc.edu.ar &nbsp; En el universo, existen diversos tipos de objetos que emiten chorros de materia y energ\u00eda, conocidos como jets. Entre estos objetos se encuentran las protoestrellas, que son estrellas en formaci\u00f3n, y los agujeros negros supermasivos ubicados en el centro de las galaxias.&hellip; <span class=\"excerpt-more\">&hellip;<\/span><\/span><\/li><li class=\"listing-item\"><a class=\"image\" href=\"https:\/\/iate.oac.uncor.edu\/en\/2024\/12\/08\/achicando-la-brecha-entre-los-estudios-de-galaxias-y-la-estructura-del-universo\/\"><img loading=\"lazy\" decoding=\"async\" width=\"644\" height=\"526\" src=\"https:\/\/iate.oac.uncor.edu\/wp-content\/uploads\/2024\/12\/Banner-GAP-170-x-55-e1733674302303.png\" class=\"attachment-codethumbnailcode size-codethumbnailcode wp-post-image\" alt=\"\" srcset=\"https:\/\/iate.oac.uncor.edu\/wp-content\/uploads\/2024\/12\/Banner-GAP-170-x-55-e1733674302303.png 644w, https:\/\/iate.oac.uncor.edu\/wp-content\/uploads\/2024\/12\/Banner-GAP-170-x-55-e1733674302303-300x245.png 300w, https:\/\/iate.oac.uncor.edu\/wp-content\/uploads\/2024\/12\/Banner-GAP-170-x-55-e1733674302303-15x12.png 15w\" sizes=\"auto, (max-width: 644px) 100vw, 644px\" \/><\/a> <a class=\"title\" href=\"https:\/\/iate.oac.uncor.edu\/en\/2024\/12\/08\/achicando-la-brecha-entre-los-estudios-de-galaxias-y-la-estructura-del-universo\/\">Bridging the gap between galaxy studies and the structure of the universe<\/a> <span class=\"excerpt-dash\">-<\/span> <span class=\"excerpt\">Del 2 al 6 de diciembre, la Plaza Cielo Tierra fue sede de una importante reuni\u00f3n cient\u00edfica organizada por el Instituto de Astronom\u00eda Te\u00f3rica y Experimental (IATE). &nbsp; El evento, titulado \"Mind the Gap: Galaxies and Large-Scale Structure\", reuni\u00f3 a m\u00e1s de 50 especialistas de diversos pa\u00edses, quienes compartieron conocimientos y debatieron sobre los principales desaf\u00edos actuales en el estudio de las galaxias y la estructura a gran escala del universo. El programa del congreso incluy\u00f3 40 presentaciones en distintos&hellip; <span class=\"excerpt-more\">&hellip;<\/span><\/span><\/li><li class=\"listing-item\"><a class=\"image\" href=\"https:\/\/iate.oac.uncor.edu\/en\/2024\/09\/26\/el-mapa-infrarrojo-mas-grande-de-nuestra-galaxia\/\"><img loading=\"lazy\" decoding=\"async\" width=\"288\" height=\"160\" src=\"https:\/\/iate.oac.uncor.edu\/wp-content\/uploads\/2024\/09\/VVV_03_FoamPrint_CloudClusters-scaled-e1727193833529.jpg\" class=\"attachment-codethumbnailcode size-codethumbnailcode wp-post-image\" alt=\"\" srcset=\"https:\/\/iate.oac.uncor.edu\/wp-content\/uploads\/2024\/09\/VVV_03_FoamPrint_CloudClusters-scaled-e1727193833529.jpg 288w, https:\/\/iate.oac.uncor.edu\/wp-content\/uploads\/2024\/09\/VVV_03_FoamPrint_CloudClusters-scaled-e1727193833529-18x10.jpg 18w\" sizes=\"auto, (max-width: 288px) 100vw, 288px\" \/><\/a> <a class=\"title\" href=\"https:\/\/iate.oac.uncor.edu\/en\/2024\/09\/26\/el-mapa-infrarrojo-mas-grande-de-nuestra-galaxia\/\">The largest infrared map of our Galaxy<\/a> <span class=\"excerpt-dash\">-<\/span> <span class=\"excerpt\">\"La V\u00eda L\u00e1ctea no es m\u00e1s que una masa de innumerables estrellas\" dijo Galileo Galilei cuando observ\u00f3 nuestra Galaxia por primera vez con su telescopio. Cuatrocientos a\u00f1os despu\u00e9s, se complet\u00f3 el mapa infrarrojo m\u00e1s grande de la V\u00eda L\u00e1ctea, despu\u00e9s de m\u00e1s de 13 a\u00f1os de observaci\u00f3n de nuestra Galaxia por parte del proyecto \u201cVISTA Variables en la V\u00eda L\u00e1ctea\u201d (VVV) y su proyecto compa\u00f1ero VVV eXtendido (VVVX). Este monumental esfuerzo ha dejado un legado invaluable para la comunidad astron\u00f3mica.&hellip; <span class=\"excerpt-more\">&hellip;<\/span><\/span><\/li><li class=\"listing-item\"><a class=\"image\" href=\"https:\/\/iate.oac.uncor.edu\/en\/2024\/04\/16\/se-realizo-una-nueva-edicion-de-la-friends-of-friends-meeting\/\"><img loading=\"lazy\" decoding=\"async\" width=\"1001\" height=\"1001\" src=\"https:\/\/iate.oac.uncor.edu\/wp-content\/uploads\/2023\/09\/fof24.jpg\" class=\"attachment-codethumbnailcode size-codethumbnailcode wp-post-image\" alt=\"\" srcset=\"https:\/\/iate.oac.uncor.edu\/wp-content\/uploads\/2023\/09\/fof24.jpg 1001w, https:\/\/iate.oac.uncor.edu\/wp-content\/uploads\/2023\/09\/fof24-300x300.jpg 300w, https:\/\/iate.oac.uncor.edu\/wp-content\/uploads\/2023\/09\/fof24-100x100.jpg 100w, https:\/\/iate.oac.uncor.edu\/wp-content\/uploads\/2023\/09\/fof24-12x12.jpg 12w\" sizes=\"auto, (max-width: 1001px) 100vw, 1001px\" \/><\/a> <a class=\"title\" href=\"https:\/\/iate.oac.uncor.edu\/en\/2024\/04\/16\/se-realizo-una-nueva-edicion-de-la-friends-of-friends-meeting\/\">Se realiz\u00f3 una nueva edici\u00f3n de la Friends of Friends meeting<\/a> <span class=\"excerpt-dash\">-<\/span> <span class=\"excerpt\">Del 8 al 12 de abril del 2024 se llev\u00f3 a cabo la XIII edici\u00f3n de la reuni\u00f3n \"Friends of Friends Meeting\" (FoF-2024) organizada en conjunto entre el Instituto de Astronom\u00eda Te\u00f3rica y Experimental (IATE) y el Observatorio Astron\u00f3mico de C\u00f3rdoba (OAC). &nbsp; Durante la reuni\u00f3n cient\u00edfica se realizaron presentaciones de diferentes \u00e1reas de astronom\u00eda, tales como: instrumentaci\u00f3n y herramientas; sistemas planetarios; f\u00edsica solar; astrof\u00edsica estelar; astronom\u00eda gal\u00e1ctica; astronom\u00eda extragal\u00e1ctica y cosmolog\u00eda; y gravitaci\u00f3n. En esta edici\u00f3n, la FOF meeting&hellip; <span class=\"excerpt-more\">&hellip;<\/span><\/span><\/li><li class=\"listing-item\"><a class=\"image\" href=\"https:\/\/iate.oac.uncor.edu\/en\/2023\/11\/30\/julio-fernando-navarro-es-distinguido-con-el-doctorado-honoris-causa-de-la-unc\/\"><img loading=\"lazy\" decoding=\"async\" width=\"275\" height=\"183\" src=\"https:\/\/iate.oac.uncor.edu\/wp-content\/uploads\/2023\/11\/descarga-3.jpg\" class=\"attachment-codethumbnailcode size-codethumbnailcode wp-post-image\" alt=\"\" srcset=\"https:\/\/iate.oac.uncor.edu\/wp-content\/uploads\/2023\/11\/descarga-3.jpg 275w, https:\/\/iate.oac.uncor.edu\/wp-content\/uploads\/2023\/11\/descarga-3-18x12.jpg 18w\" sizes=\"auto, (max-width: 275px) 100vw, 275px\" \/><\/a> <a class=\"title\" href=\"https:\/\/iate.oac.uncor.edu\/en\/2023\/11\/30\/julio-fernando-navarro-es-distinguido-con-el-doctorado-honoris-causa-de-la-unc\/\">Julio Fernando Navarro is distinguished with the Doctor Honoris Causa of the UNC<\/a> <span class=\"excerpt-dash\">-<\/span> <span class=\"excerpt\">El 4 de diciembre se reconocer\u00e1 la trayectoria de este investigador que realiz\u00f3 sus estudios de grado y posgrado en la FaMAF y el IATE. El Dr. Navarro recibir\u00e1 el reconocimiento debido a su contribuci\u00f3n a los estudios cosmol\u00f3gicos. Sus trabajos est\u00e1n relacionados con la formaci\u00f3n y la evoluci\u00f3n de galaxias, principalmente, de sistemas individuales, como la galaxia que habitamos, la V\u00eda L\u00e1ctea. Tambi\u00e9n abordan c\u00f3mo se distribuye la materia oscura. A pesar de que esta materia ser\u00eda mucho m\u00e1s&hellip; <span class=\"excerpt-more\">&hellip;<\/span><\/span><\/li><li class=\"listing-item\"><a class=\"image\" href=\"https:\/\/iate.oac.uncor.edu\/en\/2023\/11\/21\/reconocimiento-del-concejo-deliberante-de-la-ciudad-de-cordoba-a-una-reunion-cientifica-organizada-por-el-iate\/\"><img loading=\"lazy\" decoding=\"async\" width=\"152\" height=\"101\" src=\"https:\/\/iate.oac.uncor.edu\/wp-content\/uploads\/2023\/11\/sersicmeeting.png\" class=\"attachment-codethumbnailcode size-codethumbnailcode wp-post-image\" alt=\"\" srcset=\"https:\/\/iate.oac.uncor.edu\/wp-content\/uploads\/2023\/11\/sersicmeeting.png 152w, https:\/\/iate.oac.uncor.edu\/wp-content\/uploads\/2023\/11\/sersicmeeting-18x12.png 18w\" sizes=\"auto, (max-width: 152px) 100vw, 152px\" \/><\/a> <a class=\"title\" href=\"https:\/\/iate.oac.uncor.edu\/en\/2023\/11\/21\/reconocimiento-del-concejo-deliberante-de-la-ciudad-de-cordoba-a-una-reunion-cientifica-organizada-por-el-iate\/\">Reconocimiento del Concejo Deliberante de la Ciudad de C\u00f3rdoba a una reuni\u00f3n cient\u00edfica organizada por el IATE<\/a> <span class=\"excerpt-dash\">-<\/span> <span class=\"excerpt\">La \u201cIV Reuni\u00f3n Regional de Astronom\u00eda Extragal\u00e1ctica: 60 a\u00f1os de la Ley Sersic\u201d recibi\u00f3 el benepl\u00e1cito el pasado 9 de noviembre. &nbsp; La Reuni\u00f3n, organizada por el IATE, sigue con una tradici\u00f3n de reuniones de gran relevancia cient\u00edfica. Las dos primeras fueron organizadas en 1975 y 1987 por el Dr. S\u00e9rsic, fundador del IATE, uno de los pioneros y referentes m\u00e1s importantes de la Astronom\u00eda Extragal\u00e1ctica. La tercera se celebr\u00f3 en 1996 tambi\u00e9n en la Ciudad de C\u00f3rdoba. En todas&hellip; <span class=\"excerpt-more\">&hellip;<\/span><\/span><\/li><li class=\"listing-item\"><a class=\"image\" href=\"https:\/\/iate.oac.uncor.edu\/en\/2023\/09\/19\/reconocimiento-de-la-asociacion-argentina-de-astronomia-a-un-investigador-del-iate\/\"><img loading=\"lazy\" decoding=\"async\" width=\"367\" height=\"366\" src=\"https:\/\/iate.oac.uncor.edu\/wp-content\/uploads\/2023\/09\/dgl.jpg\" class=\"attachment-codethumbnailcode size-codethumbnailcode wp-post-image\" alt=\"\" srcset=\"https:\/\/iate.oac.uncor.edu\/wp-content\/uploads\/2023\/09\/dgl.jpg 367w, https:\/\/iate.oac.uncor.edu\/wp-content\/uploads\/2023\/09\/dgl-300x300.jpg 300w, https:\/\/iate.oac.uncor.edu\/wp-content\/uploads\/2023\/09\/dgl-100x100.jpg 100w, https:\/\/iate.oac.uncor.edu\/wp-content\/uploads\/2023\/09\/dgl-12x12.jpg 12w\" sizes=\"auto, (max-width: 367px) 100vw, 367px\" \/><\/a> <a class=\"title\" href=\"https:\/\/iate.oac.uncor.edu\/en\/2023\/09\/19\/reconocimiento-de-la-asociacion-argentina-de-astronomia-a-un-investigador-del-iate\/\">Reconocimiento de la Asociaci\u00f3n Argentina de Astronom\u00eda a un investigador del IATE<\/a> <span class=\"excerpt-dash\">-<\/span> <span class=\"excerpt\">&nbsp; Diego Garc\u00eda Lambas recibi\u00f3 hoy el premio Jorge Sahade a la Trayectoria, una de las m\u00e1ximas distinciones que otorga la comunidad Astron\u00f3mica en la Argentina.\u00a0 &nbsp; Esta distinci\u00f3n se entrega cada cinco a\u00f1os a alguna persona que haya desarrollado una carrera extraordinariamente fruct\u00edfera en el \u00e1rea de Astronom\u00eda y Astrof\u00edsica, habiendo cumplido la mayor parte de su labor en la Rep\u00fablica Argentina. Diego Garc\u00eda Lambas, qui\u00e9n actualmente es Investigador Superior de CONICET y Profesor Titular de la Universidad Nacional&hellip; <span class=\"excerpt-more\">&hellip;<\/span><\/span><\/li><li class=\"listing-item\"><a class=\"image\" href=\"https:\/\/iate.oac.uncor.edu\/en\/2023\/07\/26\/revelan-detalles-de-la-evolucion-de-las-galaxias-que-se-zambullen-en-los-cumulos\/\"><img loading=\"lazy\" decoding=\"async\" width=\"1293\" height=\"1448\" src=\"https:\/\/iate.oac.uncor.edu\/wp-content\/uploads\/2023\/07\/cumulo2-1.jpg\" class=\"attachment-codethumbnailcode size-codethumbnailcode wp-post-image\" alt=\"\" srcset=\"https:\/\/iate.oac.uncor.edu\/wp-content\/uploads\/2023\/07\/cumulo2-1.jpg 1293w, https:\/\/iate.oac.uncor.edu\/wp-content\/uploads\/2023\/07\/cumulo2-1-268x300.jpg 268w, https:\/\/iate.oac.uncor.edu\/wp-content\/uploads\/2023\/07\/cumulo2-1-914x1024.jpg 914w, https:\/\/iate.oac.uncor.edu\/wp-content\/uploads\/2023\/07\/cumulo2-1-11x12.jpg 11w\" sizes=\"auto, (max-width: 1293px) 100vw, 1293px\" \/><\/a> <a class=\"title\" href=\"https:\/\/iate.oac.uncor.edu\/en\/2023\/07\/26\/revelan-detalles-de-la-evolucion-de-las-galaxias-que-se-zambullen-en-los-cumulos\/\">Details of the evolution of \"backsplash\" galaxies unravelled<\/a> <span class=\"excerpt-dash\">-<\/span> <span class=\"excerpt\">Un estudio liderado por un equipo del Instituto de Astronom\u00eda Te\u00f3rica y Experimental (IATE), mediante simulaciones computacionales, explica la transformaci\u00f3n que sufren aquellas galaxias que ingresan a un c\u00famulo y vuelven a salir. &nbsp; Por Facundo Rodriguez facundo.rodriguez@unc.edu.ar &nbsp; Las galaxias tienden a agruparse y a conformar sistemas que pueden tener desde unos pocos miembros a cientos. Los sistemas m\u00e1s numerosos se denominan c\u00famulos de galaxias. En ellos, hay decenas o cientos de galaxias unidas por la gravedad. Estos sistemas&hellip; <span class=\"excerpt-more\">&hellip;<\/span><\/span><\/li><li class=\"listing-item\"><a class=\"image\" href=\"https:\/\/iate.oac.uncor.edu\/en\/2023\/03\/09\/descubrimiento-de-una-galaxia-inesperadamente-solitaria\/\"><img loading=\"lazy\" decoding=\"async\" width=\"319\" height=\"525\" src=\"https:\/\/iate.oac.uncor.edu\/wp-content\/uploads\/2023\/03\/3c297_525-e1678366195324.jpg\" class=\"attachment-codethumbnailcode size-codethumbnailcode wp-post-image\" alt=\"\" srcset=\"https:\/\/iate.oac.uncor.edu\/wp-content\/uploads\/2023\/03\/3c297_525-e1678366195324.jpg 319w, https:\/\/iate.oac.uncor.edu\/wp-content\/uploads\/2023\/03\/3c297_525-e1678366195324-182x300.jpg 182w, https:\/\/iate.oac.uncor.edu\/wp-content\/uploads\/2023\/03\/3c297_525-e1678366195324-7x12.jpg 7w\" sizes=\"auto, (max-width: 319px) 100vw, 319px\" \/><\/a> <a class=\"title\" href=\"https:\/\/iate.oac.uncor.edu\/en\/2023\/03\/09\/descubrimiento-de-una-galaxia-inesperadamente-solitaria\/\">Unexpectedly lonely galaxy discovered<\/a> <span class=\"excerpt-dash\">-<\/span> <span class=\"excerpt\">Un equipo internacional del que participa Carlos Donzelli, investigador del Instituto de Astronom\u00eda Te\u00f3rica y Experimental (IATE) y del Observatorio Astron\u00f3mico de C\u00f3rdoba, hicieron un hallazgo que podr\u00eda desafiar los tiempos en los que se espera que crezcan las galaxias. Estos resultados se obtuvieron utilizando datos del Observatorio Chandra de Rayos X de la NASA y el Observatorio Internacional Gemini. &nbsp; Por Facundo Rodriguez facundo.rodriguez@unc.edu.ar &nbsp; A unos 9.200 millones de a\u00f1os-luz de la Tierra se detect\u00f3 una galaxia inesperadamente&hellip; <span class=\"excerpt-more\">&hellip;<\/span><\/span><\/li><li class=\"listing-item\"><a class=\"image\" href=\"https:\/\/iate.oac.uncor.edu\/en\/2023\/03\/08\/agujeros-negros-con-carga-electrica-como-alternativa-a-la-materia-oscura\/\"><img loading=\"lazy\" decoding=\"async\" width=\"1101\" height=\"1292\" src=\"https:\/\/iate.oac.uncor.edu\/wp-content\/uploads\/2023\/03\/Untitled-design-e1678281603830.jpg\" class=\"attachment-codethumbnailcode size-codethumbnailcode wp-post-image\" alt=\"\" srcset=\"https:\/\/iate.oac.uncor.edu\/wp-content\/uploads\/2023\/03\/Untitled-design-e1678281603830.jpg 1101w, https:\/\/iate.oac.uncor.edu\/wp-content\/uploads\/2023\/03\/Untitled-design-e1678281603830-256x300.jpg 256w, https:\/\/iate.oac.uncor.edu\/wp-content\/uploads\/2023\/03\/Untitled-design-e1678281603830-873x1024.jpg 873w, https:\/\/iate.oac.uncor.edu\/wp-content\/uploads\/2023\/03\/Untitled-design-e1678281603830-10x12.jpg 10w\" sizes=\"auto, (max-width: 1101px) 100vw, 1101px\" \/><\/a> <a class=\"title\" href=\"https:\/\/iate.oac.uncor.edu\/en\/2023\/03\/08\/agujeros-negros-con-carga-electrica-como-alternativa-a-la-materia-oscura\/\">Black holes with electric charge as an alternative to dark matter<\/a> <span class=\"excerpt-dash\">-<\/span> <span class=\"excerpt\">Un equipo internacional co-dirigido por Nelson Padilla, investigador del Instituto de Astronom\u00eda Te\u00f3rica y Experimental (IATE), publicaron recientemente un art\u00edculo que abre nuevas posibilidades a los estudios sobre la composici\u00f3n del universo a trav\u00e9s del v\u00ednculo de los agujeros negros, las cargas el\u00e9ctricas y la materia oscura. &nbsp; Por Facundo Rodriguez facundo.rodriguez@unc.edu.ar &nbsp; La materia oscura es uno de los grandes interrogantes de la ciencia actual. Y, si bien es necesaria para explicar la formaci\u00f3n de las galaxias y las&hellip; <span class=\"excerpt-more\">&hellip;<\/span><\/span><\/li><li class=\"listing-item\"><a class=\"image\" href=\"https:\/\/iate.oac.uncor.edu\/en\/2023\/02\/23\/implementan-un-metodo-para-estudiar-la-historia-de-ensamblaje-de-los-cumulos-de-galaxias\/\"><img loading=\"lazy\" decoding=\"async\" width=\"581\" height=\"931\" src=\"https:\/\/iate.oac.uncor.edu\/wp-content\/uploads\/2023\/02\/Imagen-e1677121431757.png\" class=\"attachment-codethumbnailcode size-codethumbnailcode wp-post-image\" alt=\"\" srcset=\"https:\/\/iate.oac.uncor.edu\/wp-content\/uploads\/2023\/02\/Imagen-e1677121431757.png 581w, https:\/\/iate.oac.uncor.edu\/wp-content\/uploads\/2023\/02\/Imagen-e1677121431757-187x300.png 187w, https:\/\/iate.oac.uncor.edu\/wp-content\/uploads\/2023\/02\/Imagen-e1677121431757-7x12.png 7w\" sizes=\"auto, (max-width: 581px) 100vw, 581px\" \/><\/a> <a class=\"title\" href=\"https:\/\/iate.oac.uncor.edu\/en\/2023\/02\/23\/implementan-un-metodo-para-estudiar-la-historia-de-ensamblaje-de-los-cumulos-de-galaxias\/\">Method applied to study assembly history of galaxy clusters<\/a> <span class=\"excerpt-dash\">-<\/span> <span class=\"excerpt\">Este trabajo cient\u00edfico fue desarrollado por Jos\u00e9 Benavides, Mario Abadi Y Andrea Biviano. Los dos primeros profesionales pertenecen al Instituto de Astronom\u00eda Te\u00f3rica y Experimental (IATE) del CONICET y la Universidad Nacional de C\u00f3rdoba (UNC) y al Observatorio Astron\u00f3mico de C\u00f3rdoba, (OAC) mientras que Andrea Biviano investiga en el Observatorio Astron\u00f3mico de Trieste, Italia. &nbsp; Por Facundo Rodriguez facundo.rodriguez@unc.edu.ar &nbsp; Un c\u00famulo de galaxias est\u00e1 compuesto por cientos o miles de galaxias. \u00c9stos se forman debido a un proceso que,&hellip; <span class=\"excerpt-more\">&hellip;<\/span><\/span><\/li><li class=\"listing-item\"><a class=\"image\" href=\"https:\/\/iate.oac.uncor.edu\/en\/2022\/12\/22\/jose-luis-sersic-integra-la-galeria-de-personalidades-de-la-ciencia-y-la-tecnologia-de-cordoba\/\"><img loading=\"lazy\" decoding=\"async\" width=\"381\" height=\"496\" src=\"https:\/\/iate.oac.uncor.edu\/wp-content\/uploads\/2022\/12\/sercic.jpg\" class=\"attachment-codethumbnailcode size-codethumbnailcode wp-post-image\" alt=\"\" srcset=\"https:\/\/iate.oac.uncor.edu\/wp-content\/uploads\/2022\/12\/sercic.jpg 381w, https:\/\/iate.oac.uncor.edu\/wp-content\/uploads\/2022\/12\/sercic-230x300.jpg 230w, https:\/\/iate.oac.uncor.edu\/wp-content\/uploads\/2022\/12\/sercic-9x12.jpg 9w\" sizes=\"auto, (max-width: 381px) 100vw, 381px\" \/><\/a> <a class=\"title\" href=\"https:\/\/iate.oac.uncor.edu\/en\/2022\/12\/22\/jose-luis-sersic-integra-la-galeria-de-personalidades-de-la-ciencia-y-la-tecnologia-de-cordoba\/\">Jos\u00e9 Luis S\u00e9rsic integra la galer\u00eda de personalidades de la ciencia y la tecnolog\u00eda de C\u00f3rdoba<\/a> <span class=\"excerpt-dash\">-<\/span> <span class=\"excerpt\">El fundador del IATE fue reconocido y homenajeado conjuntamente con otras 12 personas cuyo aporte fue significativo en la formaci\u00f3n de recursos humanos, dedicaci\u00f3n a las tareas cient\u00edfico-tecnol\u00f3gicas, impulsando el avance del desarrollo social y econ\u00f3mico y\/o la transferencia de conocimientos. El espacio inaugurado por el Ministerio de Ciencia y Tecnolog\u00eda de C\u00f3rdoba incluy\u00f3 un retrato de Jos\u00e9 Luis S\u00e9rsic con la finalidad de poner en valor y destacar el impacto tanto local como regional e internacional de su labor,&hellip; <span class=\"excerpt-more\">&hellip;<\/span><\/span><\/li><li class=\"listing-item\"><a class=\"image\" href=\"https:\/\/iate.oac.uncor.edu\/en\/2022\/12\/21\/carta-de-rechazo-a-la-pseudociencia\/\"><img loading=\"lazy\" decoding=\"async\" width=\"966\" height=\"392\" src=\"https:\/\/iate.oac.uncor.edu\/wp-content\/uploads\/2016\/04\/IATE-01.png\" class=\"attachment-codethumbnailcode size-codethumbnailcode wp-post-image\" alt=\"\" srcset=\"https:\/\/iate.oac.uncor.edu\/wp-content\/uploads\/2016\/04\/IATE-01.png 966w, https:\/\/iate.oac.uncor.edu\/wp-content\/uploads\/2016\/04\/IATE-01-300x122.png 300w, https:\/\/iate.oac.uncor.edu\/wp-content\/uploads\/2016\/04\/IATE-01-768x312.png 768w\" sizes=\"auto, (max-width: 966px) 100vw, 966px\" \/><\/a> <a class=\"title\" href=\"https:\/\/iate.oac.uncor.edu\/en\/2022\/12\/21\/carta-de-rechazo-a-la-pseudociencia\/\">Pseudociencia en la UNC<\/a> <span class=\"excerpt-dash\">-<\/span> <span class=\"excerpt\">C\u00f3rdoba, 21 de Diciembre de 2022 El Instituto de Astronom\u00eda Te\u00f3rica y Experimental (IATE) dependiente de la Universidad Nacional de C\u00f3rdoba (UNC) y del Consejo Nacional de Investigaciones Cient\u00edficas y T\u00e9cnicas (CONICET), a trav\u00e9s de sus autoridades, hace saber a la comunidad su profundo rechazo al evento organizado en el seno de nuestra Universidad titulado \"Predicciones para el a\u00f1o 2023: A\u00f1o del Conejo\". Nos preocupa sobremanera que con el aval de la Universidad Nacional se promueva esta pr\u00e1ctica no-cient\u00edfica. Es&hellip; <span class=\"excerpt-more\">&hellip;<\/span><\/span><\/li><li class=\"listing-item\"><a class=\"image\" href=\"https:\/\/iate.oac.uncor.edu\/en\/2022\/11\/08\/investigadores-del-iate-participaron-en-sinergias-en-la-inteligencia-artificial\/\"><img loading=\"lazy\" decoding=\"async\" width=\"346\" height=\"253\" src=\"https:\/\/iate.oac.uncor.edu\/wp-content\/uploads\/2022\/11\/sinergia.png\" class=\"attachment-codethumbnailcode size-codethumbnailcode wp-post-image\" alt=\"\" srcset=\"https:\/\/iate.oac.uncor.edu\/wp-content\/uploads\/2022\/11\/sinergia.png 346w, https:\/\/iate.oac.uncor.edu\/wp-content\/uploads\/2022\/11\/sinergia-300x219.png 300w, https:\/\/iate.oac.uncor.edu\/wp-content\/uploads\/2022\/11\/sinergia-16x12.png 16w\" sizes=\"auto, (max-width: 346px) 100vw, 346px\" \/><\/a> <a class=\"title\" href=\"https:\/\/iate.oac.uncor.edu\/en\/2022\/11\/08\/investigadores-del-iate-participaron-en-sinergias-en-la-inteligencia-artificial\/\">Investigadores del IATE participaron en Sinergias en la Inteligencia Artificial<\/a> <span class=\"excerpt-dash\">-<\/span> <span class=\"excerpt\">El pasado mi\u00e9rcoles 26 de octubre de 2022, miembros del Instituto de Astronom\u00eda Te\u00f3rica y Experimental (IATE) participaron en el evento de vinculaci\u00f3n academia-industria \u201cSinergias en la Inteligencia Artificial\u201d organizado por la empresa IThreex Global, en un local gastron\u00f3mico del Cerro. La tem\u00e1ticas desarrolladas estuvieron a cargo de profesionales que expusieron sus problem\u00e1ticas y soluciones respecto al procesamiento autom\u00e1tico de datos utilizando t\u00e9cnicas de inteligencia artificial en cada uno de sus contextos. &nbsp; La reuni\u00f3n la inaugur\u00f3 el Dr. Nicolas&hellip; <span class=\"excerpt-more\">&hellip;<\/span><\/span><\/li><li class=\"listing-item\"><a class=\"image\" href=\"https:\/\/iate.oac.uncor.edu\/en\/2022\/05\/16\/analisis-en-el-infrarojo-de-galaxias-con-nucleos-activos\/\"><img loading=\"lazy\" decoding=\"async\" width=\"1064\" height=\"1058\" src=\"https:\/\/iate.oac.uncor.edu\/wp-content\/uploads\/2022\/05\/4-e1652652353367.png\" class=\"attachment-codethumbnailcode size-codethumbnailcode wp-post-image\" alt=\"\" srcset=\"https:\/\/iate.oac.uncor.edu\/wp-content\/uploads\/2022\/05\/4-e1652652353367.png 1064w, https:\/\/iate.oac.uncor.edu\/wp-content\/uploads\/2022\/05\/4-e1652652353367-300x298.png 300w, https:\/\/iate.oac.uncor.edu\/wp-content\/uploads\/2022\/05\/4-e1652652353367-1024x1018.png 1024w, https:\/\/iate.oac.uncor.edu\/wp-content\/uploads\/2022\/05\/4-e1652652353367-100x100.png 100w, https:\/\/iate.oac.uncor.edu\/wp-content\/uploads\/2022\/05\/4-e1652652353367-12x12.png 12w\" sizes=\"auto, (max-width: 1064px) 100vw, 1064px\" \/><\/a> <a class=\"title\" href=\"https:\/\/iate.oac.uncor.edu\/en\/2022\/05\/16\/analisis-en-el-infrarojo-de-galaxias-con-nucleos-activos\/\">Infrared analysis of galaxies with active nuclei<\/a> <span class=\"excerpt-dash\">-<\/span> <span class=\"excerpt\">Un equipo del Instituto de Astronom\u00eda Te\u00f3rica y Experimental (IATE), a partir del an\u00e1lisis de datos obtenido de un telescopio espacial, evalu\u00f3 m\u00e9todos para seleccionar galaxias con n\u00facleos activos y estudi\u00f3 las propiedades de estas galaxias. Por Facundo Rodriguez facundo.rodriguez@unc.edu.ar Existe una gran diversidad de galaxias en el Universo y se las puede catalogar de muchas maneras. Algunas de ellas pueden basarse, por ejemplo, en el color o en la forma. Tambi\u00e9n se pueden clasificar seg\u00fan la actividad de su&hellip; <span class=\"excerpt-more\">&hellip;<\/span><\/span><\/li><li class=\"listing-item\"><a class=\"image\" href=\"https:\/\/iate.oac.uncor.edu\/en\/2022\/05\/13\/la-unc-integra-un-proyecto-astronomico-que-potenciara-la-capacidad-de-observacion-desde-salta\/\"><img loading=\"lazy\" decoding=\"async\" width=\"640\" height=\"427\" src=\"https:\/\/iate.oac.uncor.edu\/wp-content\/uploads\/2022\/05\/H2YVVLCKQJCDLMEXXZVBLUBHKI.jpg\" class=\"attachment-codethumbnailcode size-codethumbnailcode wp-post-image\" alt=\"\" srcset=\"https:\/\/iate.oac.uncor.edu\/wp-content\/uploads\/2022\/05\/H2YVVLCKQJCDLMEXXZVBLUBHKI.jpg 640w, https:\/\/iate.oac.uncor.edu\/wp-content\/uploads\/2022\/05\/H2YVVLCKQJCDLMEXXZVBLUBHKI-300x200.jpg 300w, https:\/\/iate.oac.uncor.edu\/wp-content\/uploads\/2022\/05\/H2YVVLCKQJCDLMEXXZVBLUBHKI-18x12.jpg 18w\" sizes=\"auto, (max-width: 640px) 100vw, 640px\" \/><\/a> <a class=\"title\" href=\"https:\/\/iate.oac.uncor.edu\/en\/2022\/05\/13\/la-unc-integra-un-proyecto-astronomico-que-potenciara-la-capacidad-de-observacion-desde-salta\/\">El CAM integra un proyecto astron\u00f3mico que potenciar\u00e1 la capacidad de observaci\u00f3n desde Salta<\/a> <span class=\"excerpt-dash\">-<\/span> <span class=\"excerpt\">\u201cSalta ventana al universo\u201d es una iniciativa del Ministerio de Ciencia, Tecnolog\u00eda e Innovaci\u00f3n de la Naci\u00f3n que involucra a diversos proyectos astron\u00f3micos actualmente en desarrollo en la provincia de Salta, con el objetivo de potenciar las investigaciones en el campo de la astronom\u00eda y la astrof\u00edsica. Participa el Centro Astron\u00f3mico Mac\u00f3n (CAM), nacido en el seno del Observatorio Astron\u00f3mico de C\u00f3rdoba y dependiente Instituto de Astronom\u00eda Te\u00f3rica y Experimental (IATE - UNC\/Conicet) , con sus dos observatorios TOROS y&hellip; <span class=\"excerpt-more\">&hellip;<\/span><\/span><\/li><li class=\"listing-item\"><a class=\"image\" href=\"https:\/\/iate.oac.uncor.edu\/en\/2021\/12\/06\/se-llevaron-a-cabo-las-jornadas-de-astronomia-computacional-argentina-jaca\/\"><img loading=\"lazy\" decoding=\"async\" width=\"594\" height=\"288\" src=\"https:\/\/iate.oac.uncor.edu\/wp-content\/uploads\/2021\/09\/logo.jaca_.png\" class=\"attachment-codethumbnailcode size-codethumbnailcode wp-post-image\" alt=\"\" srcset=\"https:\/\/iate.oac.uncor.edu\/wp-content\/uploads\/2021\/09\/logo.jaca_.png 594w, https:\/\/iate.oac.uncor.edu\/wp-content\/uploads\/2021\/09\/logo.jaca_-300x145.png 300w\" sizes=\"auto, (max-width: 594px) 100vw, 594px\" \/><\/a> <a class=\"title\" href=\"https:\/\/iate.oac.uncor.edu\/en\/2021\/12\/06\/se-llevaron-a-cabo-las-jornadas-de-astronomia-computacional-argentina-jaca\/\">The Argentine Computational Astronomy Conference (JACA)<\/a> <span class=\"excerpt-dash\">-<\/span> <span class=\"excerpt\">Las Jornadas de Astronom\u00eda Computacional Argentina (JACA) se desarrollaron de manera virtual el 29 y 30 de noviembre. Fueron organizadas por el Instituto de Astronom\u00eda Te\u00f3rica y Experimental (IATE) a cargo de Mario Abadi, Cinthia Ragone, Valeria Coenda, Dante Paz y Mariana C\u00e9cere, quienes investigan en dicha instituci\u00f3n y realizan tareas de docencia en el Observatorio Astron\u00f3mico de C\u00f3rdoba (OAC). Las jornadas se propusieron como un espacio para que la comunidad astron\u00f3mica argentina pueda intercambiar informaci\u00f3n acerca de los recursos&hellip; <span class=\"excerpt-more\">&hellip;<\/span><\/span><\/li><li class=\"listing-item\"><a class=\"image\" href=\"https:\/\/iate.oac.uncor.edu\/en\/2021\/11\/30\/estudio-de-oscilaciones-en-filamentos-solares\/\"><img loading=\"lazy\" decoding=\"async\" width=\"801\" height=\"1041\" src=\"https:\/\/iate.oac.uncor.edu\/wp-content\/uploads\/2021\/11\/filamento-e1638290980301.jpg\" class=\"attachment-codethumbnailcode size-codethumbnailcode wp-post-image\" alt=\"\" srcset=\"https:\/\/iate.oac.uncor.edu\/wp-content\/uploads\/2021\/11\/filamento-e1638290980301.jpg 801w, https:\/\/iate.oac.uncor.edu\/wp-content\/uploads\/2021\/11\/filamento-e1638290980301-231x300.jpg 231w, https:\/\/iate.oac.uncor.edu\/wp-content\/uploads\/2021\/11\/filamento-e1638290980301-788x1024.jpg 788w\" sizes=\"auto, (max-width: 801px) 100vw, 801px\" \/><\/a> <a class=\"title\" href=\"https:\/\/iate.oac.uncor.edu\/en\/2021\/11\/30\/estudio-de-oscilaciones-en-filamentos-solares\/\">Study of oscillations in solar filaments<\/a> <span class=\"excerpt-dash\">-<\/span> <span class=\"excerpt\">Un equipo internacional del que participan investigadoras del \u00e1rea de Plasmas Astrof\u00edsicos del Instituto de Astronom\u00eda Te\u00f3rica y Experimental (IATE), a partir de simulaciones computacionales, analiz\u00f3 y model\u00f3 c\u00f3mo son afectadas las grandes prominencias solares debido a ondas de la corona solar.\u00a0 Por Facundo Rodriguez facundo.rodriguez@unc.edu.ar &nbsp; Estudiar el Sol, nuestra estrella m\u00e1s cercana, ayuda a entender m\u00e1s sobre su comportamiento y, al mismo tiempo, comprender a las dem\u00e1s estrellas. Sin embargo, la estructura solar es compleja. Su capa m\u00e1s&hellip; <span class=\"excerpt-more\">&hellip;<\/span><\/span><\/li><li class=\"listing-item\"><a class=\"image\" href=\"https:\/\/iate.oac.uncor.edu\/en\/2021\/09\/06\/explican-el-origen-de-un-tipo-de-galaxias\/\"><img loading=\"lazy\" decoding=\"async\" width=\"2113\" height=\"2500\" src=\"https:\/\/iate.oac.uncor.edu\/wp-content\/uploads\/2021\/09\/Imagen2-e1630869877265.jpg\" class=\"attachment-codethumbnailcode size-codethumbnailcode wp-post-image\" alt=\"\" srcset=\"https:\/\/iate.oac.uncor.edu\/wp-content\/uploads\/2021\/09\/Imagen2-e1630869877265.jpg 2113w, https:\/\/iate.oac.uncor.edu\/wp-content\/uploads\/2021\/09\/Imagen2-e1630869877265-254x300.jpg 254w, https:\/\/iate.oac.uncor.edu\/wp-content\/uploads\/2021\/09\/Imagen2-e1630869877265-865x1024.jpg 865w\" sizes=\"auto, (max-width: 2113px) 100vw, 2113px\" \/><\/a> <a class=\"title\" href=\"https:\/\/iate.oac.uncor.edu\/en\/2021\/09\/06\/explican-el-origen-de-un-tipo-de-galaxias\/\">Explaining the origin of a type of galaxy<\/a> <span class=\"excerpt-dash\">-<\/span> <span class=\"excerpt\">El importante avance publicado en la prestigiosa revista Nature Astronomy fue logrado por un equipo internacional de cient\u00edficos liderados por Jos\u00e9 Benavides y Mario Abadi, de la Universidad Nacional de C\u00f3rdoba (UNC) y el CONICET, y Laura Sales, de la Universidad de California, Riverside. &nbsp; Por Facundo Rodriguez facundo.rodriguez@unc.edu.ar &nbsp; En el universo, existe una gran diversidad de galaxias que var\u00edan, por ejemplo, en aspecto, tama\u00f1o, color, masa, entre otros. Adem\u00e1s, pueden estar aisladas, formar sistemas de pocos miembros o&hellip; <span class=\"excerpt-more\">&hellip;<\/span><\/span><\/li><li class=\"listing-item\"><a class=\"image\" href=\"https:\/\/iate.oac.uncor.edu\/en\/2021\/06\/16\/piscis-una-herramienta-de-ciencia-ciudadana-para-analizar-imagenes-astronomicas\/\"><img loading=\"lazy\" decoding=\"async\" width=\"905\" height=\"1065\" src=\"https:\/\/iate.oac.uncor.edu\/wp-content\/uploads\/2021\/06\/8-e1623895784192.png\" class=\"attachment-codethumbnailcode size-codethumbnailcode wp-post-image\" alt=\"\" srcset=\"https:\/\/iate.oac.uncor.edu\/wp-content\/uploads\/2021\/06\/8-e1623895784192.png 905w, https:\/\/iate.oac.uncor.edu\/wp-content\/uploads\/2021\/06\/8-e1623895784192-255x300.png 255w, https:\/\/iate.oac.uncor.edu\/wp-content\/uploads\/2021\/06\/8-e1623895784192-870x1024.png 870w\" sizes=\"auto, (max-width: 905px) 100vw, 905px\" \/><\/a> <a class=\"title\" href=\"https:\/\/iate.oac.uncor.edu\/en\/2021\/06\/16\/piscis-una-herramienta-de-ciencia-ciudadana-para-analizar-imagenes-astronomicas\/\">PISCIS: a citizen science tool for analysing astronomical images<\/a> <span class=\"excerpt-dash\">-<\/span> <span class=\"excerpt\">Un equipo del Instituto de Astronom\u00eda Te\u00f3rica y Experimental (IATE), liderado por Vanessa Daza, Germ\u00e1n Alfaro y Jos\u00e9 Benavides, desarroll\u00f3 una plataforma interactiva en la cual personas expertas y no expertas pueden colaborar en el procesamiento de datos astron\u00f3micos. &nbsp; Por Facundo Rodriguez facundo.rodriguez@unc.edu.ar &nbsp; La cooperaci\u00f3n entre equipos de investigaci\u00f3n y la ciudadan\u00eda tiene una larga historia en diferentes disciplinas cient\u00edficas. En Astronom\u00eda, debido al gran inter\u00e9s que despierta en el p\u00fablico, la presencia de asociaciones de personas aficionadas&hellip; <span class=\"excerpt-more\">&hellip;<\/span><\/span><\/li><li class=\"listing-item\"><a class=\"image\" href=\"https:\/\/iate.oac.uncor.edu\/en\/2021\/04\/13\/estudio-de-los-campos-magneticos-generados-por-los-agujeros-negros-primordiales\/\"><img loading=\"lazy\" decoding=\"async\" width=\"1580\" height=\"2012\" src=\"https:\/\/iate.oac.uncor.edu\/wp-content\/uploads\/2021\/04\/GRAFICO-FACU-01-menosres-e1618365318396.jpg\" class=\"attachment-codethumbnailcode size-codethumbnailcode wp-post-image\" alt=\"\" srcset=\"https:\/\/iate.oac.uncor.edu\/wp-content\/uploads\/2021\/04\/GRAFICO-FACU-01-menosres-e1618365318396.jpg 1580w, https:\/\/iate.oac.uncor.edu\/wp-content\/uploads\/2021\/04\/GRAFICO-FACU-01-menosres-e1618365318396-236x300.jpg 236w, https:\/\/iate.oac.uncor.edu\/wp-content\/uploads\/2021\/04\/GRAFICO-FACU-01-menosres-e1618365318396-804x1024.jpg 804w\" sizes=\"auto, (max-width: 1580px) 100vw, 1580px\" \/><\/a> <a class=\"title\" href=\"https:\/\/iate.oac.uncor.edu\/en\/2021\/04\/13\/estudio-de-los-campos-magneticos-generados-por-los-agujeros-negros-primordiales\/\">Study of magnetic fields generated by primordial black holes<\/a> <span class=\"excerpt-dash\">-<\/span> <span class=\"excerpt\">Investigadores del Instituto de Astronom\u00eda Te\u00f3rica y Experimental (IATE) participaron de un trabajo te\u00f3rico en el que se estudia la posibilidad de que se hayan generado campos magn\u00e9ticos a partir de los agujeros negros surgidos en etapas tempranas del Universo.\u00a0 &nbsp; Por Facundo Rodriguez facundo.rodriguez@unc.edu.ar &nbsp; Hace 13.700 millones de a\u00f1os ocurri\u00f3 el Big Bang, el estallido que origin\u00f3 el Universo, y antes de que hubiera pasado un segundo de esa explosi\u00f3n se formaron los hoy denominados agujeros negros primordiales.&hellip; <span class=\"excerpt-more\">&hellip;<\/span><\/span><\/li><li class=\"listing-item\"><a class=\"image\" href=\"https:\/\/iate.oac.uncor.edu\/en\/2021\/03\/04\/investigadoras-desarrollaron-un-metodo-con-el-que-identificaron-mas-de-5000-nuevas-galaxias\/\"><img loading=\"lazy\" decoding=\"async\" width=\"535\" height=\"458\" src=\"https:\/\/iate.oac.uncor.edu\/wp-content\/uploads\/2021\/03\/pag-IATE-1-e1614885988357.jpg\" class=\"attachment-codethumbnailcode size-codethumbnailcode wp-post-image\" alt=\"\" srcset=\"https:\/\/iate.oac.uncor.edu\/wp-content\/uploads\/2021\/03\/pag-IATE-1-e1614885988357.jpg 535w, https:\/\/iate.oac.uncor.edu\/wp-content\/uploads\/2021\/03\/pag-IATE-1-e1614885988357-300x257.jpg 300w\" sizes=\"auto, (max-width: 535px) 100vw, 535px\" \/><\/a> <a class=\"title\" href=\"https:\/\/iate.oac.uncor.edu\/en\/2021\/03\/04\/investigadoras-desarrollaron-un-metodo-con-el-que-identificaron-mas-de-5000-nuevas-galaxias\/\">Researchers developed a method with which they identified more than 5000 new galaxies<\/a> <span class=\"excerpt-dash\">-<\/span> <span class=\"excerpt\">Laura Baravalle y Mar\u00eda Victoria Alonso del Instituto de Astronom\u00eda Te\u00f3rica y Experimental (IATE) lideran un proyecto internacional para buscar galaxias en la direcci\u00f3n del disco de la V\u00eda L\u00e1ctea. &nbsp; Por Facundo Rodriguez facundo.rodriguez@unc.edu.ar &nbsp; Cuando observamos el cielo, hay una gran franja luminosa que fue denominada en la antig\u00fcedad con el nombre de V\u00eda L\u00e1ctea. En la actualidad, sabemos que esa franja se debe al brillo de la galaxia espiral que habitamos a la que se le dio&hellip; <span class=\"excerpt-more\">&hellip;<\/span><\/span><\/li><li class=\"listing-item\"><a class=\"image\" href=\"https:\/\/iate.oac.uncor.edu\/en\/2021\/02\/26\/del-polvo-venimos-estudio-de-la-evolucion-del-polvo-galactico\/\"><img loading=\"lazy\" decoding=\"async\" width=\"534\" height=\"506\" src=\"https:\/\/iate.oac.uncor.edu\/wp-content\/uploads\/2021\/02\/glxviews-e1614370310555.png\" class=\"attachment-codethumbnailcode size-codethumbnailcode wp-post-image\" alt=\"\" srcset=\"https:\/\/iate.oac.uncor.edu\/wp-content\/uploads\/2021\/02\/glxviews-e1614370310555.png 534w, https:\/\/iate.oac.uncor.edu\/wp-content\/uploads\/2021\/02\/glxviews-e1614370310555-300x284.png 300w\" sizes=\"auto, (max-width: 534px) 100vw, 534px\" \/><\/a> <a class=\"title\" href=\"https:\/\/iate.oac.uncor.edu\/en\/2021\/02\/26\/del-polvo-venimos-estudio-de-la-evolucion-del-polvo-galactico\/\">From dust, we come...\nStudy of the evolution of galactic dust<\/a> <span class=\"excerpt-dash\">-<\/span> <span class=\"excerpt\">Un equipo de investigaci\u00f3n del Instituto de Astronom\u00eda Te\u00f3rica y Experimental (IATE), con la colaboraci\u00f3n del Grupo de Astrof\u00edsica Num\u00e9rica de Trieste (Italia) desarrollaron simulaciones computacionales que permiten estudiar c\u00f3mo evoluciona el polvo que se encuentra en las galaxias. &nbsp; Por Facundo Rodriguez facundo.rodriguez@unc.edu.ar &nbsp; Las galaxias est\u00e1n formadas por grandes cantidades de estrellas, gas y polvo. Cada una de estas componentes tiene un papel importante en su evoluci\u00f3n. Sin embargo, el polvo ha recibido mucha menos atenci\u00f3n, principalmente por&hellip; <span class=\"excerpt-more\">&hellip;<\/span><\/span><\/li><li class=\"listing-item\"><a class=\"image\" href=\"https:\/\/iate.oac.uncor.edu\/en\/2021\/01\/14\/lentes-para-ver-como-se-distribuye-la-materia-en-el-universo\/\"><img loading=\"lazy\" decoding=\"async\" width=\"4000\" height=\"3000\" src=\"https:\/\/iate.oac.uncor.edu\/wp-content\/uploads\/2021\/01\/Untitled-design-5.png\" class=\"attachment-codethumbnailcode size-codethumbnailcode wp-post-image\" alt=\"\" srcset=\"https:\/\/iate.oac.uncor.edu\/wp-content\/uploads\/2021\/01\/Untitled-design-5.png 4000w, https:\/\/iate.oac.uncor.edu\/wp-content\/uploads\/2021\/01\/Untitled-design-5-300x225.png 300w, https:\/\/iate.oac.uncor.edu\/wp-content\/uploads\/2021\/01\/Untitled-design-5-1024x768.png 1024w\" sizes=\"auto, (max-width: 4000px) 100vw, 4000px\" \/><\/a> <a class=\"title\" href=\"https:\/\/iate.oac.uncor.edu\/en\/2021\/01\/14\/lentes-para-ver-como-se-distribuye-la-materia-en-el-universo\/\">Lenses to see how is matter distributed in the universe<\/a> <span class=\"excerpt-dash\">-<\/span> <span class=\"excerpt\">Un equipo internacional de investigaci\u00f3n liderado por Elizabeth Gonzalez, del Instituto de Astronom\u00eda Te\u00f3rica y Experimental (IATE) analiz\u00f3 la forma en que se distribuye la materia en los c\u00famulos de galaxias, utilizando un efecto denominado \u2018lentes gravitacionales\u2019. Por Facundo Rodriguez facundo.rodriguez@unc.edu.ar Las galaxias tienden a agruparse y pueden formar sistemas que van desde unos pocos miembros hasta c\u00famulos de cientos. Estos \u00faltimos pertenecen a los sistemas m\u00e1s masivos que podemos encontrar en el universo. Sin embargo, s\u00f3lo una peque\u00f1a parte&hellip; <span class=\"excerpt-more\">&hellip;<\/span><\/span><\/li><li class=\"listing-item\"><a class=\"image\" href=\"https:\/\/iate.oac.uncor.edu\/en\/2020\/10\/26\/reconstruyendo-las-orbitas-galacticas-con-inteligencia-artificial\/\"><img loading=\"lazy\" decoding=\"async\" width=\"1782\" height=\"1467\" src=\"https:\/\/iate.oac.uncor.edu\/wp-content\/uploads\/2020\/10\/roger-1-e1603765699413.jpg\" class=\"attachment-codethumbnailcode size-codethumbnailcode wp-post-image\" alt=\"\" srcset=\"https:\/\/iate.oac.uncor.edu\/wp-content\/uploads\/2020\/10\/roger-1-e1603765699413.jpg 1782w, https:\/\/iate.oac.uncor.edu\/wp-content\/uploads\/2020\/10\/roger-1-e1603765699413-300x247.jpg 300w, https:\/\/iate.oac.uncor.edu\/wp-content\/uploads\/2020\/10\/roger-1-e1603765699413-1024x843.jpg 1024w\" sizes=\"auto, (max-width: 1782px) 100vw, 1782px\" \/><\/a> <a class=\"title\" href=\"https:\/\/iate.oac.uncor.edu\/en\/2020\/10\/26\/reconstruyendo-las-orbitas-galacticas-con-inteligencia-artificial\/\">Reconstructing orbits of galaxies with Artificial Intelligence<\/a> <span class=\"excerpt-dash\">-<\/span> <span class=\"excerpt\">Un equipo de investigaci\u00f3n del Instituto de Astronom\u00eda Te\u00f3rica y Experimental (IATE), con la colaboraci\u00f3n de investigadores de La Plata y Chile, desarrollaron un m\u00e9todo de aprendizaje autom\u00e1tico que permite reconstruir las \u00f3rbitas de las galaxias a partir de sus posiciones observadas. &nbsp; Por Facundo Rodriguez facundo.rodriguez@unc.edu.ar &nbsp; Las galaxias tienden a agruparse y a formar sistemas que van desde grupos de pocos miembros a c\u00famulos con grandes cantidades de galaxias. Se puede estudiar qu\u00e9 galaxias forman estos sistemas a&hellip; <span class=\"excerpt-more\">&hellip;<\/span><\/span><\/li><li class=\"listing-item\"><a class=\"image\" href=\"https:\/\/iate.oac.uncor.edu\/en\/2020\/10\/14\/analisis-exhaustivo-de-eyecciones-de-plasma-solar\/\"><img loading=\"lazy\" decoding=\"async\" width=\"718\" height=\"616\" src=\"https:\/\/iate.oac.uncor.edu\/wp-content\/uploads\/2020\/10\/Migraci\u00f3n-e1602672660115.jpg\" class=\"attachment-codethumbnailcode size-codethumbnailcode wp-post-image\" alt=\"\" srcset=\"https:\/\/iate.oac.uncor.edu\/wp-content\/uploads\/2020\/10\/Migraci\u00f3n-e1602672660115.jpg 718w, https:\/\/iate.oac.uncor.edu\/wp-content\/uploads\/2020\/10\/Migraci\u00f3n-e1602672660115-300x257.jpg 300w\" sizes=\"auto, (max-width: 718px) 100vw, 718px\" \/><\/a> <a class=\"title\" href=\"https:\/\/iate.oac.uncor.edu\/en\/2020\/10\/14\/analisis-exhaustivo-de-eyecciones-de-plasma-solar\/\">Comprehensive analysis of solar plasma ejections<\/a> <span class=\"excerpt-dash\">-<\/span> <span class=\"excerpt\">Cient\u00edficas del Instituto de Astronom\u00eda Te\u00f3rica y Experimental (IATE) conjuntamente con un equipo internacional, publicaron un art\u00edculo en el que, a partir de observaciones, se estudian las desviaciones de eyecciones de material solar.\u00a0 &nbsp; &nbsp; Por Facundo Rodriguez facundo.rodriguez@unc.edu.ar &nbsp; El Sol es la estrella m\u00e1s cercana a nuestro planeta y el cuerpo m\u00e1s grande del sistema solar. Sin embargo, todav\u00eda es un desaf\u00edo comprender los detalles de su estructura y el origen de ciertos fen\u00f3menos que se dan en&hellip; <span class=\"excerpt-more\">&hellip;<\/span><\/span><\/li><li class=\"listing-item\"><a class=\"image\" href=\"https:\/\/iate.oac.uncor.edu\/en\/2020\/09\/02\/migraciones-galacticas-como-se-pueblan-los-cumulos\/\"><img loading=\"lazy\" decoding=\"async\" width=\"2455\" height=\"3060\" src=\"https:\/\/iate.oac.uncor.edu\/wp-content\/uploads\/2020\/09\/fig2-e1599076502643.jpg\" class=\"attachment-codethumbnailcode size-codethumbnailcode wp-post-image\" alt=\"\" srcset=\"https:\/\/iate.oac.uncor.edu\/wp-content\/uploads\/2020\/09\/fig2-e1599076502643.jpg 2455w, https:\/\/iate.oac.uncor.edu\/wp-content\/uploads\/2020\/09\/fig2-e1599076502643-241x300.jpg 241w, https:\/\/iate.oac.uncor.edu\/wp-content\/uploads\/2020\/09\/fig2-e1599076502643-822x1024.jpg 822w\" sizes=\"auto, (max-width: 2455px) 100vw, 2455px\" \/><\/a> <a class=\"title\" href=\"https:\/\/iate.oac.uncor.edu\/en\/2020\/09\/02\/migraciones-galacticas-como-se-pueblan-los-cumulos\/\">Galactic migrations:\nHow are clusters populated?<\/a> <span class=\"excerpt-dash\">-<\/span> <span class=\"excerpt\">Jos\u00e9 Benavides, becario doctoral del Instituto de Astronom\u00eda Te\u00f3rica y Experimental (IATE), Mario Abadi, investigador del mismo instituto y Laura Sales, de la Universidad de California, publicaron un art\u00edculo en el que analizan, a partir de simulaciones computacionales, c\u00f3mo llegan las galaxias a los c\u00famulos y c\u00f3mo son sus interacciones una vez que est\u00e1n dentro. &nbsp; &nbsp; Por Facundo Rodriguez facundo.rodriguez@unc.edu.ar Las galaxias pueden estar aisladas, agruparse en sistemas de pocos miembros o conformar c\u00famulos de cientos de galaxias. As\u00ed&hellip; <span class=\"excerpt-more\">&hellip;<\/span><\/span><\/li><li class=\"listing-item\"><a class=\"image\" href=\"https:\/\/iate.oac.uncor.edu\/en\/2020\/08\/19\/esperando-el-primer-contacto\/\"><img loading=\"lazy\" decoding=\"async\" width=\"2427\" height=\"2798\" src=\"https:\/\/iate.oac.uncor.edu\/wp-content\/uploads\/2020\/07\/imagen-final-e1597779067250.jpg\" class=\"attachment-codethumbnailcode size-codethumbnailcode wp-post-image\" alt=\"\" \/><\/a> <a class=\"title\" href=\"https:\/\/iate.oac.uncor.edu\/en\/2020\/08\/19\/esperando-el-primer-contacto\/\">Waiting for the first contact<\/a> <span class=\"excerpt-dash\">-<\/span> <span class=\"excerpt\">Marcelo Lares, investigador del IATE (CONICET-UNC), con colaboraci\u00f3n de Jos\u00e9 Funes (CONICET-Universidad Cat\u00f3lica de C\u00f3rdoba) y Luciana Gramajo (CONICET-Observatorio Astron\u00f3mico de C\u00f3rdoba), desarrollaron y simularon un modelo que permite analizar la probabilidad de contactos entre civilizaciones que se encuentren en distintos puntos de nuestra galaxia. &nbsp; &nbsp; Por Facundo Rodriguez facundo.rodriguez@unc.edu.ar \u201cDe las grandes preguntas que hay en la ciencia hoy, la pregunta sobre la existencia de vida inteligente en otros planetas es especial porque no tenemos ning\u00fan dato\u201d, comenta&hellip; <span class=\"excerpt-more\">&hellip;<\/span><\/span><\/li><li class=\"listing-item\"><a class=\"image\" href=\"https:\/\/iate.oac.uncor.edu\/en\/2020\/07\/14\/el-laboratorio-natural-mas-cercano-de-plasma-el-sol\/\"><img loading=\"lazy\" decoding=\"async\" width=\"1032\" height=\"1000\" src=\"https:\/\/iate.oac.uncor.edu\/wp-content\/uploads\/2020\/07\/actividad-solar-sol-22-1.png\" class=\"attachment-codethumbnailcode size-codethumbnailcode wp-post-image\" alt=\"\" srcset=\"https:\/\/iate.oac.uncor.edu\/wp-content\/uploads\/2020\/07\/actividad-solar-sol-22-1.png 1032w, https:\/\/iate.oac.uncor.edu\/wp-content\/uploads\/2020\/07\/actividad-solar-sol-22-1-300x291.png 300w, https:\/\/iate.oac.uncor.edu\/wp-content\/uploads\/2020\/07\/actividad-solar-sol-22-1-1024x992.png 1024w\" sizes=\"auto, (max-width: 1032px) 100vw, 1032px\" \/><\/a> <a class=\"title\" href=\"https:\/\/iate.oac.uncor.edu\/en\/2020\/07\/14\/el-laboratorio-natural-mas-cercano-de-plasma-el-sol\/\">The closest natural plasma laboratory: The Sun<\/a> <span class=\"excerpt-dash\">-<\/span> <span class=\"excerpt\">Abril Sahade, becaria doctoral del Instituto de Astronom\u00eda Te\u00f3rica y Experimental (IATE), Mariana C\u00e9cere, investigadora del mismo instituto y Gustavo Krause del Instituto de Estudios Avanzados en Ingenier\u00eda y Tecnolog\u00eda (IDIT), publicaron un art\u00edculo en el que analizan, a partir de simulaciones computacionales, c\u00f3mo se desv\u00eda material eyectado del Sol debido a la presencia de ciertas estructuras en la corona. &nbsp; Por Facundo Rodriguez facundo.rodriguez@unc.edu.ar Aunque el Sol parezca s\u00f3lo una esfera incandescente, en realidad tiene mucha actividad en sus&hellip; <span class=\"excerpt-more\">&hellip;<\/span><\/span><\/li><li class=\"listing-item\"><a class=\"image\" href=\"https:\/\/iate.oac.uncor.edu\/en\/2020\/06\/17\/una-larga-historia-de-alineamiento-entre-la-galaxia-central-y-el-cumulo-que-habita\/\"><img loading=\"lazy\" decoding=\"async\" width=\"523\" height=\"437\" src=\"https:\/\/iate.oac.uncor.edu\/wp-content\/uploads\/2020\/06\/imagen-paper.jpg\" class=\"attachment-codethumbnailcode size-codethumbnailcode wp-post-image\" alt=\"\" srcset=\"https:\/\/iate.oac.uncor.edu\/wp-content\/uploads\/2020\/06\/imagen-paper.jpg 523w, https:\/\/iate.oac.uncor.edu\/wp-content\/uploads\/2020\/06\/imagen-paper-300x251.jpg 300w\" sizes=\"auto, (max-width: 523px) 100vw, 523px\" \/><\/a> <a class=\"title\" href=\"https:\/\/iate.oac.uncor.edu\/en\/2020\/06\/17\/una-larga-historia-de-alineamiento-entre-la-galaxia-central-y-el-cumulo-que-habita\/\">A long alignment history between the central galaxy and the cluster it inhabits<\/a> <span class=\"excerpt-dash\">-<\/span> <span class=\"excerpt\">Cinthia Ragone-Figueroa, investigadora del Instituto de Astronom\u00eda Te\u00f3rica y Experimental (IATE), conjuntamente con un equipo internacional, desarrollaron simulaciones computacionales que permitieron comprobar que los c\u00famulos de galaxias y su galaxia central permanecen alineados por m\u00e1s de 8 mil millones de a\u00f1os. &nbsp; Por Facundo Rodriguez facundo.rodriguez@unc.edu.ar &nbsp; En el Universo, hay una gran variedad de galaxias. Para estudiarlas, se las clasifica siguiendo diferentes criterios como la forma, el color, el brillo, si tienen un n\u00facleo activo, entre otros. Adem\u00e1s, se&hellip; <span class=\"excerpt-more\">&hellip;<\/span><\/span><\/li><li class=\"listing-item\"><a class=\"image\" href=\"https:\/\/iate.oac.uncor.edu\/en\/2020\/04\/27\/grupos-compactos-de-galaxias-una-forma-de-evaluar-el-universo-simulado\/\"><img loading=\"lazy\" decoding=\"async\" width=\"90\" height=\"105\" src=\"https:\/\/iate.oac.uncor.edu\/wp-content\/uploads\/2016\/04\/euge_45.jpg\" class=\"attachment-codethumbnailcode size-codethumbnailcode wp-post-image\" alt=\"\" \/><\/a> <a class=\"title\" href=\"https:\/\/iate.oac.uncor.edu\/en\/2020\/04\/27\/grupos-compactos-de-galaxias-una-forma-de-evaluar-el-universo-simulado\/\">Grupos Compactos de Galaxias: Una Forma de Evaluar el Universo Simulado<\/a> <span class=\"excerpt-dash\">-<\/span> <span class=\"excerpt\">Por Facundo Rodriguez &nbsp; &nbsp; Un equipo de investigaci\u00f3n del Observatorio Astron\u00f3mico de C\u00f3rdoba (OAC) y del Instituto de Astronom\u00eda Te\u00f3rica y Experimental (IATE), con la colaboraci\u00f3n de un investigador del Instituto de Astrof\u00edsica de Par\u00eds, realiz\u00f3 una comparaci\u00f3n de la presencia de grupos compactos de galaxias en diferentes simulaciones num\u00e9ricas y encontr\u00f3 diferencias significativas entre ellas. Las galaxias pueden formarse y evolucionar de manera muy diferente seg\u00fan el ambiente en el que est\u00e9n. Algunas se encuentran m\u00e1s bien aisladas&hellip; <span class=\"excerpt-more\">&hellip;<\/span><\/span><\/li><li class=\"listing-item\"><a class=\"image\" href=\"https:\/\/iate.oac.uncor.edu\/en\/2020\/04\/27\/los-grandes-vacios-del-universo-afectarian-la-formacion-de-las-galaxias\/\"><img loading=\"lazy\" decoding=\"async\" width=\"150\" height=\"150\" src=\"https:\/\/iate.oac.uncor.edu\/wp-content\/uploads\/2020\/04\/void1-150x150.png\" class=\"attachment-codethumbnailcode size-codethumbnailcode wp-post-image\" alt=\"\" srcset=\"https:\/\/iate.oac.uncor.edu\/wp-content\/uploads\/2020\/04\/void1-150x150.png 150w, https:\/\/iate.oac.uncor.edu\/wp-content\/uploads\/2020\/04\/void1-150x150-100x100.png 100w\" sizes=\"auto, (max-width: 150px) 100vw, 150px\" \/><\/a> <a class=\"title\" href=\"https:\/\/iate.oac.uncor.edu\/en\/2020\/04\/27\/los-grandes-vacios-del-universo-afectarian-la-formacion-de-las-galaxias\/\">Los grandes vac\u00edos del universo afectar\u00edan la formaci\u00f3n de las galaxias<\/a> <span class=\"excerpt-dash\">-<\/span> <span class=\"excerpt\">Por Facundo Rodriguez Un grupo de investigadores de IATE logr\u00f3 determinar, mediante el uso de simulaciones computacionales, que los grupos de galaxias que se forman en las regiones menos densas del universo ser\u00edan diferentes de aquellos que se encuentran en otros lugares. A pesar de que las galaxias son estructuras gigantescas compuestas por miles de millones de estrellas no son las estructuras m\u00e1s grandes que podemos observar, sino que \u00e9stas se aglomeran en el universo formando grupos , y estos&hellip; <span class=\"excerpt-more\">&hellip;<\/span><\/span><\/li><\/ul>","protected":false},"excerpt":{"rendered":"","protected":false},"author":5,"featured_media":0,"parent":0,"menu_order":0,"comment_status":"closed","ping_status":"closed","template":"","meta":{"footnotes":""},"class_list":["post-5118","page","type-page","status-publish","hentry"],"_links":{"self":[{"href":"https:\/\/iate.oac.uncor.edu\/en\/wp-json\/wp\/v2\/pages\/5118","targetHints":{"allow":["GET"]}}],"collection":[{"href":"https:\/\/iate.oac.uncor.edu\/en\/wp-json\/wp\/v2\/pages"}],"about":[{"href":"https:\/\/iate.oac.uncor.edu\/en\/wp-json\/wp\/v2\/types\/page"}],"author":[{"embeddable":true,"href":"https:\/\/iate.oac.uncor.edu\/en\/wp-json\/wp\/v2\/users\/5"}],"replies":[{"embeddable":true,"href":"https:\/\/iate.oac.uncor.edu\/en\/wp-json\/wp\/v2\/comments?post=5118"}],"version-history":[{"count":7,"href":"https:\/\/iate.oac.uncor.edu\/en\/wp-json\/wp\/v2\/pages\/5118\/revisions"}],"predecessor-version":[{"id":5133,"href":"https:\/\/iate.oac.uncor.edu\/en\/wp-json\/wp\/v2\/pages\/5118\/revisions\/5133"}],"wp:attachment":[{"href":"https:\/\/iate.oac.uncor.edu\/en\/wp-json\/wp\/v2\/media?parent=5118"}],"curies":[{"name":"wp","href":"https:\/\/api.w.org\/{rel}","templated":true}]}}